{"id":138,"date":"2022-10-10T12:55:55","date_gmt":"2022-10-10T12:55:55","guid":{"rendered":"https:\/\/www.dr-elahi.de\/?page_id=138"},"modified":"2025-10-31T06:31:21","modified_gmt":"2025-10-31T06:31:21","slug":"veri%cc%87-koruma","status":"publish","type":"page","link":"https:\/\/www.dr-elahi.de\/tr\/veri%cc%87-koruma\/","title":{"rendered":"Veri koruma"},"content":{"rendered":"<section class=\"l-section wpb_row us_custom_acfd0fdb height_auto\"><div class=\"l-section-h i-cf\"><div class=\"g-cols vc_row via_grid cols_2 laptops-cols_inherit tablets-cols_inherit mobiles-cols_1 valign_top type_default stacking_default\"><div class=\"wpb_column vc_column_container us_custom_819670d1 us_animate_this  hide_on_tablets hide_on_mobiles has_bg_color\"><div class=\"vc_column-inner\"><h1 style=\"font-size: 2.3rem;line-height: 1.2;text-align: left;font-family:Roboto;font-weight:300;font-style:normal\" class=\"vc_custom_heading us_custom_1fb8b2dc us_animate_this\" >Gizlilik Politikas\u0131<\/h1><\/div><\/div><div class=\"wpb_column vc_column_container\"><div class=\"vc_column-inner\"><\/div><\/div><\/div><\/div><\/section><section class=\"l-section wpb_row us_custom_ac037762 height_auto\"><div class=\"l-section-h i-cf\"><div class=\"g-cols vc_row via_grid cols_1 laptops-cols_inherit tablets-cols_inherit mobiles-cols_1 valign_top type_default stacking_default\"><div class=\"wpb_column vc_column_container\"><div class=\"vc_column-inner\"><div class=\"g-cols wpb_row via_grid cols_1 laptops-cols_inherit tablets-cols_inherit mobiles-cols_1 valign_top type_default stacking_default\"><div class=\"wpb_column vc_column_container us_custom_60e9caca us_animate_this\"><div class=\"vc_column-inner\"><div class=\"wpb_text_column\"><div class=\"wpb_wrapper\"><div style=\"word-wrap: break-word;\"><h1>Veri koruma beyan\u0131<\/h1>\n<h2>1. bi\u0307r baki\u015fta veri\u0307 koruma<\/h2>\n<h3>Genel bilgi<\/h3> <p>A\u015fa\u011f\u0131daki bilgiler, bu web sitesini ziyaret etti\u011finizde ki\u015fisel verilerinize ne oldu\u011funa dair basit bir genel bak\u0131\u015f sa\u011flar. Ki\u015fisel veriler, ki\u015fisel olarak tan\u0131mlanabilece\u011finiz t\u00fcm verilerdir. Veri koruma konusuna ili\u015fkin ayr\u0131nt\u0131l\u0131 bilgileri bu metnin alt\u0131nda yer alan veri koruma beyan\u0131m\u0131zda bulabilirsiniz.<\/p>\n<h3>Bu web sitesinde veri toplama<\/h3> <h4>Bu web sitesinde veri toplanmas\u0131ndan kim sorumludur?<\/h4> <p>Bu web sitesindeki veri i\u015fleme, web sitesi operat\u00f6r\u00fc taraf\u0131ndan ger\u00e7ekle\u015ftirilir. \u0130leti\u015fim bilgileri, bu veri koruma beyan\u0131nda &bdquo;Sorumlu kurulu\u015f hakk\u0131nda bilgiler&ldquo; b\u00f6l\u00fcm\u00fcnde bulunabilir.<\/p> <h4>Verilerinizi nas\u0131l topluyoruz?<\/h4> <p>Bir yandan, verileriniz bize sa\u011flad\u0131\u011f\u0131n\u0131zda toplan\u0131r. Bu, \u00f6rne\u011fin, bir ileti\u015fim formuna girdi\u011finiz veriler olabilir.<\/p> <p>Di\u011fer veriler, web sitesini ziyaret etti\u011finizde BT sistemlerimiz taraf\u0131ndan otomatik olarak veya sizin izninizle toplan\u0131r. Bunlar \u00f6ncelikle teknik verilerdir (\u00f6rne\u011fin internet taray\u0131c\u0131s\u0131, i\u015fletim sistemi veya sayfan\u0131n g\u00f6r\u00fcnt\u00fclenme zaman\u0131). Bu veriler, bu web sitesine girdi\u011finiz anda otomatik olarak toplan\u0131r.<\/p> <h4>Verilerinizi ne i\u00e7in kullan\u0131yoruz?<\/h4> <p>Verilerin bir k\u0131sm\u0131, web sitesinin hatas\u0131z bir \u015fekilde sunulmas\u0131n\u0131 sa\u011flamak i\u00e7in toplan\u0131r. Di\u011fer veriler kullan\u0131c\u0131 davran\u0131\u015f\u0131n\u0131z\u0131 analiz etmek i\u00e7in kullan\u0131labilir.<\/p> <h4>Verilerinizle ilgili hangi haklara sahipsiniz?<\/h4> <p>Saklanan ki\u015fisel verilerinizin kayna\u011f\u0131, al\u0131c\u0131s\u0131 ve amac\u0131 hakk\u0131nda istedi\u011finiz zaman \u00fccretsiz olarak bilgi alma hakk\u0131na sahipsiniz. Ayr\u0131ca bu verilerin d\u00fczeltilmesini veya silinmesini talep etme hakk\u0131na da sahipsiniz. Veri i\u015fleme i\u00e7in onay verdiyseniz, bu onay\u0131 istedi\u011finiz zaman gelecek i\u00e7in iptal edebilirsiniz. Ayr\u0131ca, belirli ko\u015fullar alt\u0131nda, ki\u015fisel verilerinizin i\u015flenmesinin k\u0131s\u0131tlanmas\u0131n\u0131 talep etme hakk\u0131na da sahipsiniz. Ayr\u0131ca, yetkili denetim makam\u0131na \u015fikayette bulunma hakk\u0131na da sahipsiniz.<\/p> <p>Veri koruma konusunda ba\u015fka sorular\u0131n\u0131z varsa istedi\u011finiz zaman bizimle ileti\u015fime ge\u00e7ebilirsiniz.<\/p>\n<h3>\u00dc\u00e7\u00fcnc\u00fc taraf sa\u011flay\u0131c\u0131lar\u0131n analiz ara\u00e7lar\u0131 ve ara\u00e7lar\u0131<\/h3> <p>Bu web sitesini ziyaret etti\u011finizde, gezinme davran\u0131\u015f\u0131n\u0131z istatistiksel olarak de\u011ferlendirilebilir. Bu esas olarak s\u00f6zde analiz programlar\u0131 ile yap\u0131l\u0131r.<\/p> <p>Bu analiz programlar\u0131na ili\u015fkin ayr\u0131nt\u0131l\u0131 bilgiler a\u015fa\u011f\u0131daki veri koruma beyan\u0131nda bulunabilir.<\/p>\n<h2>2. bar\u0131nd\u0131rma<\/h2>\n<p>Web sitemizin i\u00e7eri\u011fini a\u015fa\u011f\u0131daki sa\u011flay\u0131c\u0131 ile bar\u0131nd\u0131r\u0131yoruz:<\/p>\n<h3>Strato<\/h3> <p>Sa\u011flay\u0131c\u0131 Strato AG, Otto-Ostrowski-Stra?e 7, 10249 Berlin (bundan b\u00f6yle &bdquo;Strato&ldquo; olarak an\u0131lacakt\u0131r). Web sitemizi ziyaret etti\u011finizde, Strato IP adresleriniz de dahil olmak \u00fczere \u00e7e\u015fitli g\u00fcnl\u00fck dosyalar\u0131n\u0131 kaydeder.<\/p> <p>Daha fazla bilgi Strato'nun veri koruma beyan\u0131nda bulunabilir: <a href=\"https:\/\/www.strato.de\/datenschutz\/\" target=\"_blank\" rel=\"noopener noreferrer\">https:\/\/www.strato.de\/datenschutz\/<\/a>.<\/p> <p>Strato'nun kullan\u0131m\u0131 GDPR'nin 6. maddesinin 1. f\u0131kras\u0131n\u0131n f bendine dayanmaktad\u0131r. Web sitemizi m\u00fcmk\u00fcn oldu\u011funca g\u00fcvenilir bir \u015fekilde g\u00f6r\u00fcnt\u00fclemek i\u00e7in me\u015fru bir menfaatimiz var. \u0130lgili bir onay talep edilmi\u015fse, i\u015fleme yaln\u0131zca Madde 6 paragraf 1 lit. a GDPR ve ? 25 paragraf 1 TDDDG temelinde ger\u00e7ekle\u015ftirilir, onay \u00e7erezlerin depolanmas\u0131n\u0131 veya TDDDG anlam\u0131nda kullan\u0131c\u0131n\u0131n son cihaz\u0131ndaki bilgilere eri\u015fimi (\u00f6rn. cihaz parmak izi) i\u00e7erdi\u011fi s\u00fcrece. Onay herhangi bir zamanda iptal edilebilir.<\/p>\n\n<h4>Sipari\u015f i\u015fleme<\/h4> <p>Yukar\u0131da belirtilen hizmetin kullan\u0131m\u0131 i\u00e7in bir veri i\u015fleme s\u00f6zle\u015fmesi (DPA) imzalad\u0131k. Bu, veri koruma yasas\u0131n\u0131n gerektirdi\u011fi bir s\u00f6zle\u015fmedir ve hizmetin web sitesi ziyaret\u00e7ilerimizin ki\u015fisel verilerini yaln\u0131zca talimatlar\u0131m\u0131za uygun olarak ve GDPR'ye uygun olarak i\u015flemesini sa\u011flar.<\/p>\n<h2>3 Genel notlar ve zorunlu bilgiler<\/h2>\n<h3>Veri koruma<\/h3> <p>Bu sayfalar\u0131n operat\u00f6rleri ki\u015fisel verilerinizin korunmas\u0131n\u0131 \u00e7ok ciddiye almaktad\u0131r. Ki\u015fisel verilerinizi gizli ve yasal veri koruma d\u00fczenlemelerine ve bu veri koruma beyan\u0131na uygun olarak ele al\u0131yoruz.<\/p> <p>Bu web sitesini kulland\u0131\u011f\u0131n\u0131zda, \u00e7e\u015fitli ki\u015fisel veriler toplan\u0131r. Ki\u015fisel veriler, sizi ki\u015fisel olarak tan\u0131mlamak i\u00e7in kullan\u0131labilecek verilerdir. Bu veri koruma beyan\u0131 hangi verileri toplad\u0131\u011f\u0131m\u0131z\u0131 ve bunlar\u0131 ne i\u00e7in kulland\u0131\u011f\u0131m\u0131z\u0131 a\u00e7\u0131klamaktad\u0131r. Ayr\u0131ca bunun nas\u0131l ve ne ama\u00e7la yap\u0131ld\u0131\u011f\u0131n\u0131 da a\u00e7\u0131klar.<\/p> <p>\u0130nternet \u00fczerinden veri aktar\u0131m\u0131n\u0131n (\u00f6rne\u011fin e-posta ile ileti\u015fim kurarken) g\u00fcvenlik a\u00e7\u0131klar\u0131na tabi olabilece\u011fini belirtmek isteriz. Verilerin \u00fc\u00e7\u00fcnc\u00fc taraflar\u0131n eri\u015fimine kar\u015f\u0131 tam olarak korunmas\u0131 m\u00fcmk\u00fcn de\u011fildir.<\/p>\n<h3>Sorumlu kurulu\u015f hakk\u0131nda not<\/h3> <p>Bu web sitesindeki veri i\u015flemeden sorumlu kontrol\u00f6r:<\/p> <p>Ortodonti muayenehanesi<br \/>\r\nDr. med. dent. Mehdi Elahi<br \/>\r\nOrtodonti i\u00e7in uzman di\u015f hekimi<br \/>\r\nBrucknerallee 19<br \/>\r\n41236 M?nchengladbach<\/p>\n\n<p>Telefon: +49 2166 44010<br \/>\nE-Mail: +49 2166 846 333<\/p>\n <p>Kontrol\u00f6r, ki\u015fisel verilerin (\u00f6rne\u011fin isimler, e-posta adresleri, vb.) i\u015flenme ama\u00e7lar\u0131n\u0131 ve ara\u00e7lar\u0131n\u0131 tek ba\u015f\u0131na veya ba\u015fkalar\u0131yla birlikte belirleyen ger\u00e7ek veya t\u00fczel ki\u015fidir.<\/p>\n\n<h3>Depolama s\u00fcresi<\/h3> <p>Bu gizlilik politikas\u0131nda daha spesifik bir saklama s\u00fcresi belirtilmedi\u011fi s\u00fcrece, ki\u015fisel verileriniz, veri i\u015fleme amac\u0131 art\u0131k ge\u00e7erli olmayana kadar bizde kalacakt\u0131r. Silme i\u00e7in hakl\u0131 bir talepte bulunursan\u0131z veya veri i\u015fleme izninizi iptal ederseniz, ki\u015fisel verilerinizi saklamak i\u00e7in yasal olarak izin verilen ba\u015fka nedenlerimiz olmad\u0131\u011f\u0131 s\u00fcrece verileriniz silinecektir (\u00f6rne\u011fin, vergi veya ticaret hukuku kapsam\u0131ndaki saklama s\u00fcreleri); ikinci durumda, silme i\u015flemi bu nedenler art\u0131k ge\u00e7erli olmad\u0131ktan sonra ger\u00e7ekle\u015fecektir.<\/p>\n<h3>Bu web sitesinde veri i\u015flemenin yasal dayana\u011f\u0131 hakk\u0131nda genel bilgiler<\/h3> <p>Veri i\u015flemeye izin verdiyseniz, ki\u015fisel verilerinizi GDPR'nin 6. maddesinin 1. f\u0131kras\u0131n\u0131n a bendi veya GDPR'nin 9. maddesinin 2. f\u0131kras\u0131n\u0131n a bendi uyar\u0131nca, GDPR'nin 9. maddesinin 1. f\u0131kras\u0131 uyar\u0131nca \u00f6zel veri kategorileri i\u015flendi\u011fi s\u00fcrece i\u015fleriz. Ki\u015fisel verilerin \u00fc\u00e7\u00fcnc\u00fc \u00fclkelere aktar\u0131lmas\u0131na a\u00e7\u0131k\u00e7a izin verilmesi durumunda, veri i\u015fleme ayr\u0131ca GDPR Madde 49 paragraf 1 lit. a temelinde ger\u00e7ekle\u015ftirilir. \u00c7erezlerin depolanmas\u0131na veya son cihaz\u0131n\u0131zdaki bilgilere eri\u015fime (\u00f6rne\u011fin cihaz parmak izi yoluyla) izin verdiyseniz, veri i\u015fleme ayr\u0131ca ? 25 paragraf 1 TDDDG. Onay her zaman iptal edilebilir. Verileriniz bir s\u00f6zle\u015fmenin yerine getirilmesi veya s\u00f6zle\u015fme \u00f6ncesi \u00f6nlemlerin uygulanmas\u0131 i\u00e7in gerekliyse, verilerinizi GDPR Madde 6 paragraf 1 lit. b temelinde i\u015fleriz. Ayr\u0131ca, GDPR Madde 6 paragraf 1 lit. c temelinde yasal bir y\u00fck\u00fcml\u00fcl\u00fc\u011f\u00fc yerine getirmek i\u00e7in gerekli olmas\u0131 halinde verilerinizi i\u015fleriz. Veri i\u015fleme, GDPR Madde 6 paragraf 1 litre f uyar\u0131nca me\u015fru menfaatimiz temelinde de ger\u00e7ekle\u015ftirilebilir. Her bir durumda ilgili yasal dayanaklara ili\u015fkin bilgiler, bu gizlilik politikas\u0131n\u0131n a\u015fa\u011f\u0131daki paragraflar\u0131nda verilmektedir.<\/p>\n<h3>Ki\u015fisel verilerin al\u0131c\u0131lar\u0131<\/h3> <p>Ticari faaliyetlerimizin bir par\u00e7as\u0131 olarak \u00e7e\u015fitli harici kurulu\u015flarla birlikte \u00e7al\u0131\u015f\u0131yoruz. Baz\u0131 durumlarda, ki\u015fisel verilerin bu harici kurulu\u015flara aktar\u0131lmas\u0131 da gereklidir. Ki\u015fisel verileri harici kurulu\u015flara yaln\u0131zca bir s\u00f6zle\u015fmenin yerine getirilmesi i\u00e7in gerekliyse, yasal olarak bunu yapmak zorundaysak (\u00f6rne\u011fin vergi makamlar\u0131na veri aktar\u0131m\u0131), GDPR Madde 6 paragraf 1 lit. f uyar\u0131nca veri aktar\u0131m\u0131nda me\u015fru bir menfaatimiz varsa veya ba\u015fka bir yasal dayanak veri aktar\u0131m\u0131na izin veriyorsa aktar\u0131r\u0131z. \u0130\u015fleyicileri kullan\u0131rken, m\u00fc\u015fterilerimizin ki\u015fisel verilerini yaln\u0131zca sipari\u015f i\u015fleme i\u00e7in ge\u00e7erli bir s\u00f6zle\u015fme temelinde aktar\u0131r\u0131z. Ortak i\u015fleme durumunda, bir ortak i\u015fleme s\u00f6zle\u015fmesi imzalan\u0131r.<\/p>\n<h3>Veri i\u015fleme izninizin iptali<\/h3> <p>Bir\u00e7ok veri i\u015fleme i\u015flemi yaln\u0131zca sizin a\u00e7\u0131k r\u0131zan\u0131zla m\u00fcmk\u00fcnd\u00fcr. Vermi\u015f oldu\u011funuz herhangi bir onay\u0131 istedi\u011finiz zaman iptal edebilirsiniz. \u0130ptal edilene kadar ger\u00e7ekle\u015ftirilen veri i\u015flemenin yasall\u0131\u011f\u0131 iptalden etkilenmez.<\/p>\n<h3>\u00d6zel durumlarda verilerin toplanmas\u0131na ve do\u011frudan pazarlamaya itiraz etme hakk\u0131 (GDPR Madde 21)<\/h3> <p>VERI I\u015eLEMENIN MADDEYE DAYALI OLMASI HALINDE. 6 ABS. 1 LIT. E VEYA F GDPR'YE DAYANIYORSA, \u00d6ZEL DURUMUNUZLA I\u0307LGI\u0307LI\u0307 GEREK\u00c7ELERLE KI\u0307\u015eI\u0307SEL VERI\u0307LERI\u0307NI\u0307ZI\u0307N I\u0307\u015eLENMESI\u0307NE HER ZAMAN I\u0307TI\u0307RAZ ETME HAKKINIZ VARDIR; BU AYNI ZAMANDA BU H\u00dcK\u00dcMLERE DAYALI PROFI\u0307LLEME I\u0307\u00c7I\u0307N DE GE\u00c7ERLI\u0307DI\u0307R. I\u0307\u015eLEMENI\u0307N DAYANDI\u011eI I\u0307LGI\u0307LI\u0307 YASAL DAYANAK BU GI\u0307ZLI\u0307LI\u0307K POLI\u0307TI\u0307KASINDA BULUNABI\u0307LI\u0307R. I\u0307TI\u0307RAZ ETMENI\u0307Z DURUMUNDA, I\u0307\u015eLEME I\u0307\u00c7I\u0307N MENFAATLERI\u0307NI\u0307ZI\u0307, HAKLARINIZI VE \u00d6ZG\u00dcRL\u00dcKLERI\u0307NI\u0307ZI\u0307 GE\u00c7ERSI\u0307Z KILAN ZORLAYICI ME\u015eRU GEREK\u00c7ELER G\u00d6STEREMEDI\u0307\u011eI\u0307MI\u0307Z VEYA I\u0307\u015eLEMENI\u0307N YASAL TALEPLERI\u0307N OLU\u015eTURULMASINA, UYGULANMASINA VEYA SAVUNULMASINA HI\u0307ZMET ETMEDI\u0307\u011eI\u0307 S\u00dcRECE (GDPR MADDE 21 PARAGRAF 1 UYARINCA I\u0307TI\u0307RAZ) I\u0307LGI\u0307LI\u0307 KI\u0307\u015eI\u0307SEL VERI\u0307LERI\u0307NI\u0307ZI\u0307 I\u0307\u015eLEMEYECE\u011eI\u0307Z.<\/p> <p>KI\u0307\u015eI\u0307SEL VERI\u0307LERI\u0307NI\u0307Z DO\u011eRUDAN PAZARLAMA AMACIYLA I\u0307\u015eLENI\u0307YORSA, S\u00d6Z KONUSU PAZARLAMA AMACIYLA SI\u0307ZI\u0307NLE I\u0307LGI\u0307LI\u0307 KI\u0307\u015eI\u0307SEL VERI\u0307LERI\u0307N I\u0307\u015eLENMESI\u0307NE I\u0307STEDI\u0307\u011eI\u0307NI\u0307Z ZAMAN I\u0307TI\u0307RAZ ETME HAKKINIZ VARDIR; BU DURUM, S\u00d6Z KONUSU DO\u011eRUDAN PAZARLAMA I\u0307LE I\u0307LGI\u0307LI\u0307 OLDU\u011eU \u00d6L\u00c7\u00dcDE PROFI\u0307L OLU\u015eTURMA I\u0307\u00c7I\u0307N DE GE\u00c7ERLI\u0307DI\u0307R I\u0307TI\u0307RAZ ETMENI\u0307Z DURUMUNDA, KI\u0307\u015eI\u0307SEL VERI\u0307LERI\u0307NI\u0307Z DAHA SONRA DO\u011eRUDAN PAZARLAMA AMACIYLA KULLANILMAYACAKTIR (GDPR MADDE 21 PARAGRAF 2 UYARINCA I\u0307TI\u0307RAZ).<\/p>\n<h3>Yetkili denetim makam\u0131na itiraz hakk\u0131<\/h3> <p>GDPR'nin ihlal edilmesi durumunda, veri sahipleri, \u00f6zellikle ikamet ettikleri, \u00e7al\u0131\u015ft\u0131klar\u0131 veya iddia edilen ihlalin ger\u00e7ekle\u015fti\u011fi \u00dcye Devletteki bir denetim makam\u0131na \u015fikayette bulunma hakk\u0131na sahiptir. \u015eikayette bulunma hakk\u0131, di\u011fer idari veya adli \u00e7\u00f6z\u00fcm yollar\u0131na halel getirmez.<\/p>\n<h3>Veri ta\u015f\u0131nabilirli\u011fi hakk\u0131<\/h3> <p>Onay\u0131n\u0131za dayanarak veya bir s\u00f6zle\u015fmenin yerine getirilmesi i\u00e7in otomatik olarak i\u015fledi\u011fimiz verilerin size veya \u00fc\u00e7\u00fcnc\u00fc bir tarafa standart, makine taraf\u0131ndan okunabilir bir formatta teslim edilmesini sa\u011flama hakk\u0131na sahipsiniz. Verilerin ba\u015fka bir denetleyiciye do\u011frudan aktar\u0131lmas\u0131n\u0131 talep ederseniz, bu yaln\u0131zca teknik olarak m\u00fcmk\u00fcnse ger\u00e7ekle\u015fecektir.<\/p>\n<h3>Bilgi, d\u00fczeltme ve silme<\/h3> <p>Y\u00fcr\u00fcrl\u00fckteki yasal h\u00fck\u00fcmler \u00e7er\u00e7evesinde, saklanan ki\u015fisel verileriniz, bunlar\u0131n kayna\u011f\u0131 ve al\u0131c\u0131lar\u0131 ve veri i\u015flemenin amac\u0131 hakk\u0131nda istedi\u011finiz zaman \u00fccretsiz bilgi alma ve gerekirse bu verileri d\u00fczeltme veya silme hakk\u0131na sahipsiniz. Ki\u015fisel veriler konusunda ba\u015fka sorular\u0131n\u0131z varsa istedi\u011finiz zaman bizimle ileti\u015fime ge\u00e7ebilirsiniz.<\/p>\n<h3>\u0130\u015flemenin k\u0131s\u0131tlanmas\u0131 hakk\u0131<\/h3> <p>Ki\u015fisel verilerinizin i\u015flenmesinin k\u0131s\u0131tlanmas\u0131n\u0131 talep etme hakk\u0131na sahipsiniz. Bunu yapmak i\u00e7in istedi\u011finiz zaman bizimle ileti\u015fime ge\u00e7ebilirsiniz. \u0130\u015flemeyi k\u0131s\u0131tlama hakk\u0131 a\u015fa\u011f\u0131daki durumlarda mevcuttur:<\/p> <ul> <li>Taraf\u0131m\u0131zca saklanan ki\u015fisel verilerinizin do\u011frulu\u011funa itiraz ederseniz, bunu kontrol etmek i\u00e7in genellikle zamana ihtiyac\u0131m\u0131z vard\u0131r. \u0130nceleme s\u00fcresi boyunca, ki\u015fisel verilerinizin i\u015flenmesinin k\u0131s\u0131tlanmas\u0131n\u0131 talep etme hakk\u0131na sahipsiniz.<\/li> <li>Ki\u015fisel verilerinizin i\u015flenmesi hukuka ayk\u0131r\u0131 olarak ger\u00e7ekle\u015fmi\u015fse\/ger\u00e7ekle\u015fiyorsa, silme yerine veri i\u015flemenin k\u0131s\u0131tlanmas\u0131n\u0131 talep edebilirsiniz.<\/li> <li>Ki\u015fisel verilerinize art\u0131k ihtiyac\u0131m\u0131z yoksa, ancak yasal taleplerin uygulanmas\u0131, savunulmas\u0131 veya ileri s\u00fcr\u00fclmesi i\u00e7in ihtiyac\u0131n\u0131z varsa, ki\u015fisel verilerinizin silinmesi yerine i\u015flenmesinin k\u0131s\u0131tlanmas\u0131n\u0131 talep etme hakk\u0131na sahipsiniz.<\/li> <li>GDPR Madde 21 paragraf 1 uyar\u0131nca bir itirazda bulunduysan\u0131z, sizin ve bizim \u00e7\u0131karlar\u0131m\u0131z aras\u0131nda bir denge kurulmal\u0131d\u0131r. Kimin \u00e7\u0131karlar\u0131n\u0131n \u00fcst\u00fcn geldi\u011fi hen\u00fcz belirlenmedi\u011fi s\u00fcrece, ki\u015fisel verilerinizin i\u015flenmesinin k\u0131s\u0131tlanmas\u0131n\u0131 talep etme hakk\u0131na sahipsiniz.<\/li> <\/ul> <p>Ki\u015fisel verilerinizin i\u015flenmesini k\u0131s\u0131tlad\u0131ysan\u0131z, bu veriler - saklanmas\u0131 d\u0131\u015f\u0131nda - yaln\u0131zca sizin izninizle veya yasal taleplerin olu\u015fturulmas\u0131, uygulanmas\u0131 veya savunulmas\u0131 veya ba\u015fka bir ger\u00e7ek veya t\u00fczel ki\u015finin haklar\u0131n\u0131n korunmas\u0131 veya Avrupa Birli\u011fi'nin veya bir \u00dcye Devletin \u00f6nemli kamu yarar\u0131 nedenleriyle i\u015flenebilir.<\/p>\n<h3>SSL veya TLS \u015fifreleme<\/h3> <p>Bu site, g\u00fcvenlik nedenleriyle ve site operat\u00f6r\u00fc olarak bize g\u00f6nderdi\u011finiz sipari\u015fler veya sorular gibi gizli i\u00e7eriklerin iletimini korumak i\u00e7in SSL veya TLS \u015fifreleme kullan\u0131r. \u015eifrelenmi\u015f bir ba\u011flant\u0131y\u0131, taray\u0131c\u0131n\u0131z\u0131n adres sat\u0131r\u0131n\u0131n &bdquo;http:\/\/&ldquo; yerine &bdquo;https:\/\/&ldquo; olarak de\u011fi\u015fmesinden ve taray\u0131c\u0131 sat\u0131r\u0131n\u0131zdaki kilit sembol\u00fcnden anlayabilirsiniz.<\/p> <p>SSL veya TLS \u015fifrelemesi etkinle\u015ftirilirse, bize iletti\u011finiz veriler \u00fc\u00e7\u00fcnc\u00fc taraflarca okunamaz.<\/p>\n<h2>4. bu web si\u0307tesi\u0307nde veri\u0307 toplama<\/h2>\n<h3>\u00c7erezler<\/h3> <p>\u0130nternet sayfalar\u0131m\u0131zda &bdquo;\u00e7erezler&ldquo; kullan\u0131lmaktad\u0131r. \u00c7erezler k\u00fc\u00e7\u00fck veri paketleridir ve son cihaz\u0131n\u0131za herhangi bir zarar vermezler. Cihaz\u0131n\u0131zda ya bir oturum s\u00fcresince ge\u00e7ici olarak (oturum \u00e7erezleri) ya da kal\u0131c\u0131 olarak (kal\u0131c\u0131 \u00e7erezler) saklan\u0131rlar. Oturum \u00e7erezleri ziyaretinizin sonunda otomatik olarak silinir. Kal\u0131c\u0131 \u00e7erezler, siz kendiniz silene veya web taray\u0131c\u0131n\u0131z taraf\u0131ndan otomatik olarak silinene kadar son cihaz\u0131n\u0131zda saklanmaya devam eder.<\/p> <p>\u00c7erezler bizden (birinci taraf \u00e7erezleri) veya \u00fc\u00e7\u00fcnc\u00fc taraf \u015firketlerden (\u00fc\u00e7\u00fcnc\u00fc taraf \u00e7erezleri olarak adland\u0131r\u0131l\u0131r) kaynaklanabilir. \u00dc\u00e7\u00fcnc\u00fc taraf \u00e7erezleri, \u00fc\u00e7\u00fcnc\u00fc taraf \u015firketlerden gelen belirli hizmetlerin web sitelerine entegre edilmesini sa\u011flar (\u00f6rne\u011fin, \u00f6deme hizmetlerini i\u015flemek i\u00e7in \u00e7erezler).<\/p> <p>\u00c7erezlerin \u00e7e\u015fitli i\u015flevleri vard\u0131r. Bir\u00e7ok \u00e7erez teknik olarak gereklidir, \u00e7\u00fcnk\u00fc belirli web sitesi i\u015flevleri bunlar olmadan \u00e7al\u0131\u015fmaz (\u00f6rne\u011fin, al\u0131\u015fveri\u015f sepeti i\u015flevi veya videolar\u0131n g\u00f6r\u00fcnt\u00fclenmesi). Di\u011fer \u00e7erezler kullan\u0131c\u0131 davran\u0131\u015f\u0131n\u0131 analiz etmek veya reklam amac\u0131yla kullan\u0131labilir.<\/p> <p>Elektronik ileti\u015fim s\u00fcrecini y\u00fcr\u00fctmek, kullanmak istedi\u011finiz belirli i\u015flevleri sa\u011flamak (\u00f6rn. al\u0131\u015fveri\u015f sepeti i\u015flevi i\u00e7in) veya web sitesini optimize etmek (\u00f6rn. web kitlesini \u00f6l\u00e7mek i\u00e7in \u00e7erezler) i\u00e7in gerekli olan \u00e7erezler (gerekli \u00e7erezler), ba\u015fka bir yasal dayanak belirtilmedik\u00e7e, GDPR Madde 6 paragraf 1 lit. f temelinde saklan\u0131r. Web sitesi operat\u00f6r\u00fc, hizmetlerinin teknik olarak hatas\u0131z ve optimize edilmi\u015f bir \u015fekilde sunulmas\u0131 i\u00e7in gerekli \u00e7erezlerin saklanmas\u0131nda me\u015fru bir menfaate sahiptir. \u00c7erezlerin ve benzer tan\u0131ma teknolojilerinin saklanmas\u0131 i\u00e7in onay talep edilmi\u015fse, i\u015fleme yaln\u0131zca bu onay temelinde ger\u00e7ekle\u015ftirilir (GDPR Madde 6 Paragraf 1 Bent a ve TDDDG Madde 25 Paragraf 1); onay herhangi bir zamanda iptal edilebilir.<\/p> <p>Taray\u0131c\u0131n\u0131z\u0131, \u00e7erezlerin ayarlanmas\u0131 hakk\u0131nda bilgilendirilecek ve yaln\u0131zca bireysel durumlarda \u00e7erezlere izin verecek, belirli durumlar i\u00e7in veya genel olarak \u00e7erezlerin kabul edilmesini hari\u00e7 tutacak ve taray\u0131c\u0131y\u0131 kapat\u0131rken \u00e7erezlerin otomatik olarak silinmesini etkinle\u015ftirecek \u015fekilde ayarlayabilirsiniz. \u00c7erezler devre d\u0131\u015f\u0131 b\u0131rak\u0131l\u0131rsa, bu web sitesinin i\u015flevselli\u011fi k\u0131s\u0131tlanabilir.<\/p> <p>Bu web sitesinde hangi \u00e7erezlerin ve hizmetlerin kullan\u0131ld\u0131\u011f\u0131n\u0131 bu veri koruma beyan\u0131nda bulabilirsiniz.<\/p>\n<h3>Borlabs \u00c7erezi ile Onay<\/h3> <p>Web sitemiz, taray\u0131c\u0131n\u0131zda belirli \u00e7erezlerin depolanmas\u0131na veya belirli teknolojilerin kullan\u0131m\u0131na ili\u015fkin onay\u0131n\u0131z\u0131 almak ve bunlar\u0131 veri koruma d\u00fczenlemelerine uygun olarak belgelemek i\u00e7in Borlabs \u00c7erez onay\u0131 teknolojisini kullan\u0131r. Bu teknolojinin sa\u011flay\u0131c\u0131s\u0131 Borlabs GmbH, R?benkamp 32, 22305 Hamburg'dur (bundan b\u00f6yle Borlabs olarak an\u0131lacakt\u0131r).<\/p> <p>Web sitemize girdi\u011finizde, taray\u0131c\u0131n\u0131zda verdi\u011finiz onaylar\u0131n veya bu onaylar\u0131n iptalinin sakland\u0131\u011f\u0131 bir Borlabs \u00e7erezi saklan\u0131r. Bu veriler Borlabs \u00c7erezinin sa\u011flay\u0131c\u0131s\u0131na aktar\u0131lmaz.<\/p> <p>Toplanan veriler, siz bizden silmemizi veya Borlabs \u00e7erezini kendiniz silmemizi isteyene kadar veya verilerin saklanma amac\u0131 art\u0131k ge\u00e7erli olmayana kadar saklanacakt\u0131r. Zorunlu yasal saklama s\u00fcreleri etkilenmeden kal\u0131r. Borlabs \u00c7erezi taraf\u0131ndan veri i\u015flemeye ili\u015fkin ayr\u0131nt\u0131lar \u015fu adreste bulunabilir <a href=\"https:\/\/de.borlabs.io\/kb\/welche-daten-speichert-borlabs-cookie\/\" target=\"_blank\" rel=\"noopener noreferrer\">https:\/\/de.borlabs.io\/kb\/welche-daten-speichert-borlabs-cookie\/<\/a>.<\/p> <p>Borlabs \u00e7erez onay\u0131 teknolojisi, \u00e7erezlerin kullan\u0131m\u0131 i\u00e7in yasal olarak gerekli onay\u0131 almak i\u00e7in kullan\u0131l\u0131r. Bunun yasal dayana\u011f\u0131 GDPR Madde 6 paragraf 1 lit. c'dir.<\/p>\n<h3>Sunucu g\u00fcnl\u00fck dosyalar\u0131<\/h3> <p>Sayfalar\u0131n sa\u011flay\u0131c\u0131s\u0131, taray\u0131c\u0131n\u0131z\u0131n otomatik olarak bize iletti\u011fi sunucu g\u00fcnl\u00fck dosyalar\u0131ndaki bilgileri otomatik olarak toplar ve saklar. Bunlar<\/p> <ul> <li>Taray\u0131c\u0131 t\u00fcr\u00fc ve taray\u0131c\u0131 s\u00fcr\u00fcm\u00fc<\/li> <li>Kullan\u0131lan i\u015fletim sistemi<\/li> <li>Y\u00f6nlendiren URL<\/li> <li>Eri\u015fen bilgisayar\u0131n ana bilgisayar ad\u0131<\/li> <li>Sunucu iste\u011finin zaman\u0131<\/li> <li>IP adresi<\/li> <\/ul> <p>Bu veriler di\u011fer veri kaynaklar\u0131 ile birle\u015ftirilmemi\u015ftir.<\/p> <p>Bu veriler GDPR Madde 6 paragraf 1 f bendi uyar\u0131nca toplanmaktad\u0131r. Web sitesi operat\u00f6r\u00fc, web sitesinin teknik olarak hatas\u0131z sunumu ve optimizasyonu konusunda me\u015fru bir menfaate sahiptir &ndash; sunucu g\u00fcnl\u00fck dosyalar\u0131 bu ama\u00e7la kaydedilmelidir.<\/p>\n<h3>\u0130leti\u015fim formu<\/h3> <p>\u0130leti\u015fim formu arac\u0131l\u0131\u011f\u0131yla bize soru g\u00f6nderirseniz, orada sa\u011flad\u0131\u011f\u0131n\u0131z ileti\u015fim bilgileri de dahil olmak \u00fczere, talep formundaki bilgileriniz, talebin i\u015flenmesi amac\u0131yla ve takip sorular\u0131 durumunda taraf\u0131m\u0131zdan saklanacakt\u0131r. Bu verileri sizin izniniz olmadan aktarmayaca\u011f\u0131z.<\/p> <p>Bu veriler, sorunuz bir s\u00f6zle\u015fmenin yerine getirilmesiyle ilgiliyse veya s\u00f6zle\u015fme \u00f6ncesi \u00f6nlemlerin uygulanmas\u0131 i\u00e7in gerekliyse, GDPR Madde 6 paragraf 1 lit. b temelinde i\u015flenir. Di\u011fer t\u00fcm durumlarda, i\u015fleme, bize y\u00f6neltilen sorular\u0131n etkili bir \u015fekilde i\u015flenmesindeki me\u015fru menfaatimize (GDPR Madde 6 paragraf 1 lit. f) veya talep edilmi\u015fse onay\u0131n\u0131za (GDPR Madde 6 paragraf 1 lit. a) dayanmaktad\u0131r; onay herhangi bir zamanda iptal edilebilir.<\/p> <p>\u0130leti\u015fim formuna girdi\u011finiz veriler, siz silmemizi isteyene, saklama izninizi iptal edene veya veri saklama amac\u0131 art\u0131k ge\u00e7erli olmayana kadar (\u00f6rn. talebiniz i\u015flendikten sonra) bizde kalacakt\u0131r. Zorunlu yasal h\u00fck\u00fcmler &ndash; \u00f6zellikle saklama s\u00fcreleri &ndash; etkilenmeden kal\u0131r.<\/p>\n<h3>E-posta, telefon veya faks yoluyla soru sorma<\/h3> <p>Bizimle e-posta, telefon veya faks yoluyla ileti\u015fime ge\u00e7erseniz, t\u00fcm ki\u015fisel veriler (isim, talep) dahil olmak \u00fczere talebiniz, talebinizi i\u015fleme koymak amac\u0131yla taraf\u0131m\u0131zdan saklanacak ve i\u015flenecektir. Bu verileri sizin izniniz olmadan aktarmayaca\u011f\u0131z.<\/p> <p>Bu veriler, sorunuz bir s\u00f6zle\u015fmenin yerine getirilmesiyle ilgiliyse veya s\u00f6zle\u015fme \u00f6ncesi \u00f6nlemlerin uygulanmas\u0131 i\u00e7in gerekliyse, GDPR Madde 6 paragraf 1 lit. b temelinde i\u015flenir. Di\u011fer t\u00fcm durumlarda, i\u015fleme, bize y\u00f6neltilen sorular\u0131n etkili bir \u015fekilde i\u015flenmesindeki me\u015fru menfaatimize (GDPR Madde 6 paragraf 1 lit. f) veya talep edilmi\u015fse onay\u0131n\u0131za (GDPR Madde 6 paragraf 1 lit. a) dayanmaktad\u0131r; onay herhangi bir zamanda iptal edilebilir.<\/p> <p>\u0130leti\u015fim talepleri arac\u0131l\u0131\u011f\u0131yla bize g\u00f6nderdi\u011finiz veriler, siz silmemizi isteyene, saklama izninizi iptal edene veya veri saklama amac\u0131 art\u0131k ge\u00e7erli olmayana kadar (\u00f6rn. talebiniz i\u015flendikten sonra) bizde kalacakt\u0131r. Zorunlu yasal h\u00fck\u00fcmler &ndash; \u00f6zellikle yasal saklama s\u00fcreleri &ndash; etkilenmeden kal\u0131r.<\/p>\n<h3>jameda<\/h3> <p>Bu web sitesine jameda'y\u0131 entegre ettik. Sa\u011flay\u0131c\u0131 jameda GmbH, Balanstr. 71a, 81541 M\u00fcnih'tir (bundan sonra jameda olarak an\u0131lacakt\u0131r).<\/p> <p>jameda \u00e7evrimi\u00e7i bir randevu arac\u0131 sa\u011flar. Ayr\u0131ca web sitemize bir jameda onay m\u00fchr\u00fc de entegre edebiliriz. Bizden \u00e7evrimi\u00e7i bir randevu al\u0131rsan\u0131z, bu ama\u00e7la girdi\u011finiz veriler jameda'n\u0131n sunucular\u0131nda saklanacakt\u0131r. Ayr\u0131ca, jameda IP adresinizi, y\u00f6nlendiren URL'nizi, eri\u015fim zaman\u0131n\u0131z\u0131 ge\u00e7ici olarak kaydeder ve bizimle bir sorgulama yapt\u0131\u011f\u0131n\u0131z\u0131 belirleyebilir; bu veriler yaln\u0131zca hizmetin teknik olarak sa\u011flanmas\u0131 i\u00e7in kullan\u0131l\u0131r ve daha sonra otomatik olarak tekrar silinir.<\/p> <p>Jameda'n\u0131n kullan\u0131m\u0131 GDPR Madde 6 paragraf 1 f bendine dayanmaktad\u0131r. Web sitesi operat\u00f6r\u00fc, randevular\u0131 m\u00fcmk\u00fcn oldu\u011funca karma\u015f\u0131k hale getirme konusunda me\u015fru bir menfaate sahiptir. \u0130lgili bir onay talep edilmi\u015fse, i\u015fleme yaln\u0131zca Madde 6 paragraf 1 lit. a GDPR \/ Madde 9 paragraf 2. lit. a GDPR ve ? 25 paragraf 1 TDDDG temelinde ger\u00e7ekle\u015ftirilir, onay \u00e7erezlerin depolanmas\u0131n\u0131 veya TDDDG anlam\u0131nda kullan\u0131c\u0131n\u0131n terminal cihaz\u0131ndaki bilgilere eri\u015fimi (\u00f6rn. cihaz parmak izi) i\u00e7erdi\u011fi s\u00fcrece. Onay her zaman iptal edilebilir.<\/p>\n\n<h4>Sipari\u015f i\u015fleme<\/h4> <p>Yukar\u0131da belirtilen hizmetin kullan\u0131m\u0131 i\u00e7in bir veri i\u015fleme s\u00f6zle\u015fmesi (DPA) imzalad\u0131k. Bu, veri koruma yasas\u0131n\u0131n gerektirdi\u011fi bir s\u00f6zle\u015fmedir ve hizmetin web sitesi ziyaret\u00e7ilerimizin ki\u015fisel verilerini yaln\u0131zca talimatlar\u0131m\u0131za uygun olarak ve GDPR'ye uygun olarak i\u015flemesini sa\u011flar.<\/p>\n<h2>5. eklentiler ve ara\u00e7lar<\/h2>\n<h3>YouTube<\/h3> <p>Bu web sitesi YouTube web sitesinden videolar yerle\u015ftirmektedir. Web sitesinin operat\u00f6r\u00fc Google Ireland Limited (&bdquo;Google&ldquo;), Gordon House, Barrow Street, Dublin 4, \u0130rlanda'd\u0131r.<\/p> <p>YouTube'un entegre edildi\u011fi web sitelerimizden birini ziyaret etti\u011finizde, YouTube sunucular\u0131na bir ba\u011flant\u0131 kurulur. YouTube sunucusu hangi sayfalar\u0131m\u0131z\u0131 ziyaret etti\u011finiz konusunda bilgilendirilir.<\/p> <p>Ayr\u0131ca YouTube, son cihaz\u0131n\u0131zda \u00e7e\u015fitli \u00e7erezler saklayabilir veya sizi tan\u0131mak i\u00e7in benzer teknolojiler kullanabilir (\u00f6rn. cihaz parmak izi). Bu \u015fekilde YouTube, bu web sitesinin ziyaret\u00e7ileri hakk\u0131nda bilgi edinebilir. Bu bilgiler, di\u011fer \u015feylerin yan\u0131 s\u0131ra, video istatistiklerini kaydetmek, kullan\u0131c\u0131 dostlu\u011funu geli\u015ftirmek ve doland\u0131r\u0131c\u0131l\u0131k giri\u015fimlerini \u00f6nlemek i\u00e7in kullan\u0131l\u0131r.<\/p> <p>YouTube hesab\u0131n\u0131zda oturum a\u00e7t\u0131ysan\u0131z, YouTube'un gezinme davran\u0131\u015f\u0131n\u0131z\u0131 do\u011frudan ki\u015fisel profilinize atamas\u0131na izin vermi\u015f olursunuz. YouTube hesab\u0131n\u0131zdan \u00e7\u0131k\u0131\u015f yaparak bunu \u00f6nleyebilirsiniz.<\/p> <p>YouTube'un kullan\u0131m\u0131, \u00e7evrimi\u00e7i tekliflerimizin \u00e7ekici bir \u015fekilde sunulmas\u0131 i\u00e7indir. Bu, GDPR'nin 6. maddesinin 1. f\u0131kras\u0131n\u0131n f bendi anlam\u0131nda me\u015fru bir menfaat te\u015fkil eder. \u0130lgili bir onay talep edilmi\u015fse, i\u015fleme yaln\u0131zca Madde 6 paragraf 1 lit. a GDPR ve ? 25 paragraf 1 TDDDG temelinde ger\u00e7ekle\u015ftirilir, onay \u00e7erezlerin depolanmas\u0131n\u0131 veya TDDDG anlam\u0131nda kullan\u0131c\u0131n\u0131n son cihaz\u0131ndaki bilgilere eri\u015fimi (\u00f6rn. cihaz parmak izi) i\u00e7erdi\u011fi s\u00fcrece. Onay herhangi bir zamanda iptal edilebilir.<\/p> <p>Kullan\u0131c\u0131 verilerinin i\u015flenmesine ili\u015fkin daha fazla bilgi YouTube'un \u015fu adresteki gizlilik politikas\u0131nda bulunabilir: <a href=\"https:\/\/policies.google.com\/privacy?hl=de\" target=\"_blank\" rel=\"noopener noreferrer\">https:\/\/policies.google.com\/privacy?hl=de<\/a>.<\/p>\n<p>\u015eirket, &bdquo;AB-ABD Veri Gizlili\u011fi \u00c7er\u00e7evesi&ldquo; (DPF) uyar\u0131nca sertifikaland\u0131r\u0131lm\u0131\u015ft\u0131r. DPF, Avrupa Birli\u011fi ve ABD aras\u0131nda, ABD'de veri i\u015fleme i\u00e7in Avrupa veri koruma standartlar\u0131na uyumu sa\u011flamay\u0131 ama\u00e7layan bir anla\u015fmad\u0131r. DPF kapsam\u0131nda sertifika alan her \u015firket bu veri koruma standartlar\u0131na uymay\u0131 taahh\u00fct eder. Bu konuda daha fazla bilgi a\u015fa\u011f\u0131daki ba\u011flant\u0131da yer alan sa\u011flay\u0131c\u0131dan edinilebilir: <a href=\"https:\/\/www.dataprivacyframework.gov\/participant\/5780\" target=\"_blank\" rel=\"noopener noreferrer\">https:\/\/www.dataprivacyframework.gov\/participant\/5780<\/a>.<\/p>\n<h3>Google Fonts (yerel bar\u0131nd\u0131rma)<\/h3> <p>Bu site, yaz\u0131 tiplerinin standartla\u015ft\u0131r\u0131lm\u0131\u015f g\u00f6sterimi i\u00e7in Google taraf\u0131ndan sa\u011flanan Google Yaz\u0131 Tiplerini kullanmaktad\u0131r. Google yaz\u0131 tipleri yerel olarak y\u00fcklenir. Google sunucular\u0131na herhangi bir ba\u011flant\u0131 yoktur.<\/p> <p>Google Fonts hakk\u0131nda daha fazla bilgiyi \u015fu adreste bulabilirsiniz <a href=\"https:\/\/developers.google.com\/fonts\/faq\" target=\"_blank\" rel=\"noopener noreferrer\">https:\/\/developers.google.com\/fonts\/faq<\/a> ve Google'\u0131n gizlilik politikas\u0131nda: <a href=\"https:\/\/policies.google.com\/privacy?hl=de\" target=\"_blank\" rel=\"noopener noreferrer\">https:\/\/policies.google.com\/privacy?hl=de<\/a>.<\/p>\n<h3>Font Awesome (yerel bar\u0131nd\u0131rma)<\/h3> <p>Bu site, yaz\u0131 tiplerinin standartla\u015ft\u0131r\u0131lm\u0131\u015f g\u00f6sterimi i\u00e7in Font Awesome kullanmaktad\u0131r. Font Awesome yerel olarak y\u00fcklenir. Fonticons, Inc. sunucular\u0131na herhangi bir ba\u011flant\u0131 yoktur.<\/p> <p>Font Awesome hakk\u0131nda daha fazla bilgi Font Awesome gizlilik politikas\u0131nda bulunabilir: <a href=\"https:\/\/fontawesome.com\/privacy\" target=\"_blank\" rel=\"noopener noreferrer\">https:\/\/fontawesome.com\/privacy<\/a>.<\/p>\n<h3>Google Haritalar<\/h3> <p>Bu site Google Maps harita hizmetini kullanmaktad\u0131r. Sa\u011flay\u0131c\u0131 Google Ireland Limited (&bdquo;Google&ldquo;), Gordon House, Barrow Street, Dublin 4, \u0130rlanda'd\u0131r. Bu hizmetin yard\u0131m\u0131yla, harita materyalini web sitemize entegre edebiliriz.<\/p> <p>Google Haritalar'\u0131n i\u015flevlerini kullanmak i\u00e7in IP adresinizi kaydetmeniz gerekir. Bu bilgiler genellikle ABD'deki bir Google sunucusuna aktar\u0131l\u0131r ve orada saklan\u0131r. Bu sitenin sa\u011flay\u0131c\u0131s\u0131n\u0131n bu veri aktar\u0131m\u0131 \u00fczerinde hi\u00e7bir etkisi yoktur. Google Haritalar etkinle\u015ftirilirse, Google yaz\u0131 tiplerinin g\u00f6r\u00fcnt\u00fclenmesini standartla\u015ft\u0131rmak amac\u0131yla Google Yaz\u0131 Tiplerini kullanabilir. Google Haritalar'\u0131 \u00e7a\u011f\u0131rd\u0131\u011f\u0131n\u0131zda, taray\u0131c\u0131n\u0131z metinleri ve yaz\u0131 tiplerini do\u011fru \u015fekilde g\u00f6r\u00fcnt\u00fclemek i\u00e7in gerekli web yaz\u0131 tiplerini taray\u0131c\u0131 \u00f6nbelle\u011finize y\u00fckler.<\/p> <p>Google Haritalar'\u0131n kullan\u0131m\u0131, \u00e7evrimi\u00e7i tekliflerimizin \u00e7ekici bir \u015fekilde sunulmas\u0131 ve web sitesinde belirtti\u011fimiz yerlerin bulunmas\u0131n\u0131 kolayla\u015ft\u0131rmak i\u00e7indir. Bu, GDPR'nin 6. maddesinin 1. f\u0131kras\u0131n\u0131n f bendi anlam\u0131nda me\u015fru bir menfaat te\u015fkil etmektedir. \u0130lgili bir onay talep edilmi\u015fse, i\u015fleme yaln\u0131zca Madde 6 paragraf 1 lit. a GDPR ve ? 25 paragraf 1 TDDDG temelinde ger\u00e7ekle\u015ftirilir, onay \u00e7erezlerin depolanmas\u0131n\u0131 veya TDDDG anlam\u0131nda kullan\u0131c\u0131n\u0131n son cihaz\u0131ndaki bilgilere eri\u015fimi (\u00f6rn. cihaz parmak izi) i\u00e7erdi\u011fi s\u00fcrece. Onay herhangi bir zamanda iptal edilebilir.<\/p> <p>Verilerin ABD'ye aktar\u0131m\u0131 AB Komisyonu'nun standart s\u00f6zle\u015fme maddelerine dayanmaktad\u0131r. Ayr\u0131nt\u0131lar burada bulunabilir: <a href=\"https:\/\/privacy.google.com\/businesses\/gdprcontrollerterms\/\" target=\"_blank\" rel=\"noopener noreferrer\">https:\/\/privacy.google.com\/businesses\/gdprcontrollerterms\/<\/a> ve <a href=\"https:\/\/privacy.google.com\/businesses\/gdprcontrollerterms\/sccs\/\" target=\"_blank\" rel=\"noopener noreferrer\">https:\/\/privacy.google.com\/businesses\/gdprcontrollerterms\/sccs\/<\/a>.<\/p> <p>Kullan\u0131c\u0131 verilerinin i\u015flenmesi hakk\u0131nda daha fazla bilgiyi Google'\u0131n gizlilik politikas\u0131nda bulabilirsiniz: <a href=\"https:\/\/policies.google.com\/privacy?hl=de\" target=\"_blank\" rel=\"noopener noreferrer\">https:\/\/policies.google.com\/privacy?hl=de<\/a>.<\/p>\n<p>\u015eirket, &bdquo;AB-ABD Veri Gizlili\u011fi \u00c7er\u00e7evesi&ldquo; (DPF) uyar\u0131nca sertifikaland\u0131r\u0131lm\u0131\u015ft\u0131r. DPF, Avrupa Birli\u011fi ve ABD aras\u0131nda, ABD'de veri i\u015fleme i\u00e7in Avrupa veri koruma standartlar\u0131na uyumu sa\u011flamay\u0131 ama\u00e7layan bir anla\u015fmad\u0131r. DPF kapsam\u0131nda sertifika alan her \u015firket bu veri koruma standartlar\u0131na uymay\u0131 taahh\u00fct eder. Bu konuda daha fazla bilgi a\u015fa\u011f\u0131daki ba\u011flant\u0131da yer alan sa\u011flay\u0131c\u0131dan edinilebilir: <a href=\"https:\/\/www.dataprivacyframework.gov\/participant\/5780\" target=\"_blank\" rel=\"noopener noreferrer\">https:\/\/www.dataprivacyframework.gov\/participant\/5780<\/a>.<\/p><\/div>\n<\/div><\/div><\/div><\/div><\/div><\/div><\/div><\/div><\/div><\/section>","protected":false},"excerpt":{"rendered":"Veri koruma beyan\u0131Veri koruma beyan\u0131 1. Bir bak\u0131\u015fta veri koruma Genel bilgiler A\u015fa\u011f\u0131daki bilgiler, bu web sitesini ziyaret etti\u011finizde ki\u015fisel verilerinize ne oldu\u011funa dair basit bir genel bak\u0131\u015f sa\u011flar. Ki\u015fisel veriler, sizi ki\u015fisel olarak tan\u0131mlamak i\u00e7in kullan\u0131labilecek t\u00fcm verilerdir. Veri koruma konusuna ili\u015fkin ayr\u0131nt\u0131l\u0131 bilgileri bu metnin alt\u0131nda yer alan veri koruma beyan\u0131m\u0131zda bulabilirsiniz. Bu web sitesinde veri toplama...","protected":false},"author":2,"featured_media":14,"parent":0,"menu_order":0,"comment_status":"closed","ping_status":"closed","template":"","meta":{"footnotes":""},"yoast_head":"<!-- This site is optimized with the Yoast SEO plugin v22.5 - https:\/\/yoast.com\/wordpress\/plugins\/seo\/ -->\n<title>Datenschutz \u2022 Kieferorthop\u00e4die M\u00f6nchengladbach<\/title>\n<meta name=\"description\" content=\"Datenschutz \u2713 Wir nehme den Schutz Ihrer pers\u00f6nlichen Daten in unserer Privatpraxis f\u00fcr Orthop\u00e4die &amp; Traumatologie sehr ernst.\" \/>\n<meta name=\"robots\" content=\"index, follow, max-snippet:-1, max-image-preview:large, max-video-preview:-1\" \/>\n<link rel=\"canonical\" href=\"https:\/\/www.dr-elahi.de\/tr\/veri\u0307-koruma\/\" \/>\n<meta property=\"og:locale\" content=\"tr_TR\" \/>\n<meta property=\"og:type\" content=\"article\" \/>\n<meta property=\"og:title\" content=\"Datenschutz \u2022 Kieferorthop\u00e4die M\u00f6nchengladbach\" \/>\n<meta property=\"og:description\" content=\"Datenschutz \u2713 Wir nehme den Schutz Ihrer pers\u00f6nlichen Daten in unserer Privatpraxis f\u00fcr Orthop\u00e4die &amp; Traumatologie sehr ernst.\" \/>\n<meta property=\"og:url\" content=\"https:\/\/www.dr-elahi.de\/tr\/veri\u0307-koruma\/\" \/>\n<meta property=\"og:site_name\" content=\"Kieferorthop\u00e4de Dr. Elahi\" \/>\n<meta property=\"article:modified_time\" content=\"2025-10-31T06:31:21+00:00\" \/>\n<meta name=\"twitter:card\" content=\"summary_large_image\" \/>\n<meta name=\"twitter:label1\" content=\"Est. reading time\" \/>\n\t<meta name=\"twitter:data1\" content=\"1 dakika\" \/>\n<script type=\"application\/ld+json\" class=\"yoast-schema-graph\">{\"@context\":\"https:\/\/schema.org\",\"@graph\":[{\"@type\":\"WebPage\",\"@id\":\"https:\/\/www.dr-elahi.de\/datenschutz\/\",\"url\":\"https:\/\/www.dr-elahi.de\/datenschutz\/\",\"name\":\"Datenschutz \u2022 Kieferorthop\u00e4die M\u00f6nchengladbach\",\"isPartOf\":{\"@id\":\"https:\/\/www.dr-elahi.de\/#website\"},\"primaryImageOfPage\":{\"@id\":\"https:\/\/www.dr-elahi.de\/datenschutz\/#primaryimage\"},\"image\":{\"@id\":\"https:\/\/www.dr-elahi.de\/datenschutz\/#primaryimage\"},\"thumbnailUrl\":\"https:\/\/www.dr-elahi.de\/wp-content\/uploads\/2022\/09\/0038_Dr-Elahi_FAV_01.svg\",\"datePublished\":\"2022-10-10T12:55:55+00:00\",\"dateModified\":\"2025-10-31T06:31:21+00:00\",\"description\":\"Datenschutz \u2713 Wir nehme den Schutz Ihrer pers\u00f6nlichen Daten in unserer Privatpraxis f\u00fcr Orthop\u00e4die & Traumatologie sehr ernst.\",\"breadcrumb\":{\"@id\":\"https:\/\/www.dr-elahi.de\/datenschutz\/#breadcrumb\"},\"inLanguage\":\"tr\",\"potentialAction\":[{\"@type\":\"ReadAction\",\"target\":[\"https:\/\/www.dr-elahi.de\/datenschutz\/\"]}]},{\"@type\":\"ImageObject\",\"inLanguage\":\"tr\",\"@id\":\"https:\/\/www.dr-elahi.de\/datenschutz\/#primaryimage\",\"url\":\"https:\/\/www.dr-elahi.de\/wp-content\/uploads\/2022\/09\/0038_Dr-Elahi_FAV_01.svg\",\"contentUrl\":\"https:\/\/www.dr-elahi.de\/wp-content\/uploads\/2022\/09\/0038_Dr-Elahi_FAV_01.svg\",\"caption\":\"Dr. Mehdi Elahi Kieferorthop\u00e4de\"},{\"@type\":\"BreadcrumbList\",\"@id\":\"https:\/\/www.dr-elahi.de\/datenschutz\/#breadcrumb\",\"itemListElement\":[{\"@type\":\"ListItem\",\"position\":1,\"name\":\"Startseite\",\"item\":\"https:\/\/www.dr-elahi.de\/\"},{\"@type\":\"ListItem\",\"position\":2,\"name\":\"Datenschutz\"}]},{\"@type\":\"WebSite\",\"@id\":\"https:\/\/www.dr-elahi.de\/#website\",\"url\":\"https:\/\/www.dr-elahi.de\/\",\"name\":\"Kieferorthop\u00e4de Dr. Elahi\",\"description\":\"Kieferorthop\u00e4de M\u00f6nchengladbach\",\"potentialAction\":[{\"@type\":\"SearchAction\",\"target\":{\"@type\":\"EntryPoint\",\"urlTemplate\":\"https:\/\/www.dr-elahi.de\/?s={search_term_string}\"},\"query-input\":\"required name=search_term_string\"}],\"inLanguage\":\"tr\"}]}<\/script>\n<!-- \/ Yoast SEO plugin. -->","yoast_head_json":{"title":"Datenschutz \u2022 Kieferorthop\u00e4die M\u00f6nchengladbach","description":"Datenschutz \u2713 Wir nehme den Schutz Ihrer pers\u00f6nlichen Daten in unserer Privatpraxis f\u00fcr Orthop\u00e4die & Traumatologie sehr ernst.","robots":{"index":"index","follow":"follow","max-snippet":"max-snippet:-1","max-image-preview":"max-image-preview:large","max-video-preview":"max-video-preview:-1"},"canonical":"https:\/\/www.dr-elahi.de\/tr\/veri\u0307-koruma\/","og_locale":"tr_TR","og_type":"article","og_title":"Datenschutz \u2022 Kieferorthop\u00e4die M\u00f6nchengladbach","og_description":"Datenschutz \u2713 Wir nehme den Schutz Ihrer pers\u00f6nlichen Daten in unserer Privatpraxis f\u00fcr Orthop\u00e4die & Traumatologie sehr ernst.","og_url":"https:\/\/www.dr-elahi.de\/tr\/veri\u0307-koruma\/","og_site_name":"Kieferorthop\u00e4de Dr. Elahi","article_modified_time":"2025-10-31T06:31:21+00:00","twitter_card":"summary_large_image","twitter_misc":{"Est. reading time":"1 dakika"},"schema":{"@context":"https:\/\/schema.org","@graph":[{"@type":"WebPage","@id":"https:\/\/www.dr-elahi.de\/datenschutz\/","url":"https:\/\/www.dr-elahi.de\/datenschutz\/","name":"Datenschutz \u2022 Kieferorthop\u00e4die M\u00f6nchengladbach","isPartOf":{"@id":"https:\/\/www.dr-elahi.de\/#website"},"primaryImageOfPage":{"@id":"https:\/\/www.dr-elahi.de\/datenschutz\/#primaryimage"},"image":{"@id":"https:\/\/www.dr-elahi.de\/datenschutz\/#primaryimage"},"thumbnailUrl":"https:\/\/www.dr-elahi.de\/wp-content\/uploads\/2022\/09\/0038_Dr-Elahi_FAV_01.svg","datePublished":"2022-10-10T12:55:55+00:00","dateModified":"2025-10-31T06:31:21+00:00","description":"Datenschutz \u2713 Wir nehme den Schutz Ihrer pers\u00f6nlichen Daten in unserer Privatpraxis f\u00fcr Orthop\u00e4die & Traumatologie sehr ernst.","breadcrumb":{"@id":"https:\/\/www.dr-elahi.de\/datenschutz\/#breadcrumb"},"inLanguage":"tr","potentialAction":[{"@type":"ReadAction","target":["https:\/\/www.dr-elahi.de\/datenschutz\/"]}]},{"@type":"ImageObject","inLanguage":"tr","@id":"https:\/\/www.dr-elahi.de\/datenschutz\/#primaryimage","url":"https:\/\/www.dr-elahi.de\/wp-content\/uploads\/2022\/09\/0038_Dr-Elahi_FAV_01.svg","contentUrl":"https:\/\/www.dr-elahi.de\/wp-content\/uploads\/2022\/09\/0038_Dr-Elahi_FAV_01.svg","caption":"Dr. Mehdi Elahi Kieferorthop\u00e4de"},{"@type":"BreadcrumbList","@id":"https:\/\/www.dr-elahi.de\/datenschutz\/#breadcrumb","itemListElement":[{"@type":"ListItem","position":1,"name":"Startseite","item":"https:\/\/www.dr-elahi.de\/"},{"@type":"ListItem","position":2,"name":"Datenschutz"}]},{"@type":"WebSite","@id":"https:\/\/www.dr-elahi.de\/#website","url":"https:\/\/www.dr-elahi.de\/","name":"Kieferorthop\u00e4de Dr. Elahi","description":"Kieferorthop\u00e4de M\u00f6nchengladbach","potentialAction":[{"@type":"SearchAction","target":{"@type":"EntryPoint","urlTemplate":"https:\/\/www.dr-elahi.de\/?s={search_term_string}"},"query-input":"required name=search_term_string"}],"inLanguage":"tr"}]}},"_links":{"self":[{"href":"https:\/\/www.dr-elahi.de\/tr\/wp-json\/wp\/v2\/pages\/138"}],"collection":[{"href":"https:\/\/www.dr-elahi.de\/tr\/wp-json\/wp\/v2\/pages"}],"about":[{"href":"https:\/\/www.dr-elahi.de\/tr\/wp-json\/wp\/v2\/types\/page"}],"author":[{"embeddable":true,"href":"https:\/\/www.dr-elahi.de\/tr\/wp-json\/wp\/v2\/users\/2"}],"replies":[{"embeddable":true,"href":"https:\/\/www.dr-elahi.de\/tr\/wp-json\/wp\/v2\/comments?post=138"}],"version-history":[{"count":13,"href":"https:\/\/www.dr-elahi.de\/tr\/wp-json\/wp\/v2\/pages\/138\/revisions"}],"predecessor-version":[{"id":663,"href":"https:\/\/www.dr-elahi.de\/tr\/wp-json\/wp\/v2\/pages\/138\/revisions\/663"}],"wp:featuredmedia":[{"embeddable":true,"href":"https:\/\/www.dr-elahi.de\/tr\/wp-json\/wp\/v2\/media\/14"}],"wp:attachment":[{"href":"https:\/\/www.dr-elahi.de\/tr\/wp-json\/wp\/v2\/media?parent=138"}],"curies":[{"name":"wp","href":"https:\/\/api.w.org\/{rel}","templated":true}]}}