{"id":141,"date":"2022-10-10T12:56:21","date_gmt":"2022-10-10T12:56:21","guid":{"rendered":"https:\/\/www.dr-elahi.de\/?page_id=141"},"modified":"2025-10-31T06:31:39","modified_gmt":"2025-10-31T06:31:39","slug":"baski","status":"publish","type":"page","link":"https:\/\/www.dr-elahi.de\/tr\/baski\/","title":{"rendered":"K\u00fcnye"},"content":{"rendered":"<section class=\"l-section wpb_row us_custom_acfd0fdb height_auto\"><div class=\"l-section-h i-cf\"><div class=\"g-cols vc_row via_grid cols_2 laptops-cols_inherit tablets-cols_inherit mobiles-cols_1 valign_top type_default stacking_default\"><div class=\"wpb_column vc_column_container us_custom_819670d1 us_animate_this  hide_on_tablets hide_on_mobiles has_bg_color\"><div class=\"vc_column-inner\"><h1 style=\"font-size: 2.3rem;line-height: 1.2;text-align: left;font-family:Roboto;font-weight:300;font-style:normal\" class=\"vc_custom_heading us_custom_1fb8b2dc us_animate_this\" >K\u00fcnye<\/h1><\/div><\/div><div class=\"wpb_column vc_column_container\"><div class=\"vc_column-inner\"><\/div><\/div><\/div><\/div><\/section><section class=\"l-section wpb_row us_custom_ac037762 height_auto\"><div class=\"l-section-h i-cf\"><div class=\"g-cols vc_row via_grid cols_1 laptops-cols_inherit tablets-cols_inherit mobiles-cols_1 valign_top type_default stacking_default\"><div class=\"wpb_column vc_column_container\"><div class=\"vc_column-inner\"><div class=\"g-cols wpb_row via_grid cols_2 laptops-cols_inherit tablets-cols_inherit mobiles-cols_1 valign_top type_default stacking_default\"><div class=\"wpb_column vc_column_container us_custom_60e9caca us_animate_this\"><div class=\"vc_column-inner\"><div class=\"wpb_text_column\"><div class=\"wpb_wrapper\"><h6>Zorunlu bilgiler<\/h6>\n<p><strong>Ortodonti i\u00e7in uygulama<br \/>\n<\/strong>Dr. med. dent. Mehdi Elahi<br \/>\nOrtodonti i\u00e7in uzman di\u015f hekimi<\/p>\n<p>Brucknerallee 19<br \/>\n41236 M\u00f6nchengladbach<\/p>\n<p>Tel: <a href=\"tel:+49216644010\">02166 44010<\/a><br \/>\nFaks: 02166 846 333<br \/>\nE-Mail:\u00a0<a href=\"mailto:info@dr-elahi.de\">info@dr-elahi.de<\/a><\/p>\n<h6>Katma De\u011fer Vergisi Kanunu Madde 27 a uyar\u0131nca katma de\u011fer vergisi kimlik numaras\u0131<\/h6>\n<p>TR 210650539<\/p>\n<h6>Denetim makam\u0131<\/h6>\n<p style=\"font-weight: 400;\">Kuzey Ren Yasal Sa\u011fl\u0131k Sigortas\u0131 Di\u015f Hekimleri Birli\u011fi<br \/>\nLindemannstr. 34 &#8211; 42<br \/>\n40237 D\u00fcsseldorf<br \/>\n<a href=\"https:\/\/www.kzvnr.de\" target=\"_blank\" rel=\"noopener\">www.kzvnr.de<\/a><\/p>\n<h6>Yetkili oda<\/h6>\n<p style=\"font-weight: 400;\">Kuzey Ren Di\u015f Hekimleri Birli\u011fi<br \/>\nEmanuel-Leutze-Str. 8<br \/>\n40547 D\u00fcsseldorf<br \/>\n<a href=\"https:\/\/www.zahnaerztekammernordrhein.de\" target=\"_blank\" rel=\"noopener\">www.zahnaerztekammernordrhein.de<\/a><\/p>\n<h6>\u0130\u015f unvan\u0131 ve mesleki d\u00fczenlemeler<\/h6>\n<p><strong>\u0130\u015f unvan\u0131<\/strong><br \/>\nDi\u015f Hekimi (Federal Almanya Cumhuriyeti'nde verilmi\u015ftir)<\/p>\n<p><strong>A\u015fa\u011f\u0131daki mesleki d\u00fczenlemeler ge\u00e7erlidir<\/strong><\/p>\n<ul>\n<li><a href=\"http:\/\/www.gesetze-im-internet.de\/b_o\" target=\"_blank\" rel=\"noopener\">Federal T\u0131p Kodu (B\u00c4O)<\/a><\/li>\n<li><a href=\"http:\/\/www.gesetze-im-internet.de\/zhg\" target=\"_blank\" rel=\"noopener\">Di\u015f Hekimli\u011fi Uygulamas\u0131 Hakk\u0131nda Kanun (ZHG)<\/a><\/li>\n<li><a href=\"https:\/\/www.aekno.de\/aerzte\/gesetze-verordnungen\/heilberufsgesetz-nrw?pageID=5234&amp;cHash=30efa5fe97241eb2ced8db47e504a670\" target=\"_blank\" rel=\"noopener\">NRW Sa\u011fl\u0131k Meslekleri Yasas\u0131 (HeilBerG)<\/a><\/li>\n<li><a href=\"https:\/\/www.gesetze-im-internet.de\/goz_1987\/\" target=\"_blank\" rel=\"noopener\">Di\u015f hekimleri i\u00e7in \u00fccret tarifesi<\/a><\/li>\n<li><a href=\"https:\/\/www.bzaek.de\/fileadmin\/PDFs\/recht\/mbo.pdf\" target=\"_blank\" rel=\"noopener\">Alman Di\u015fhekimleri Birli\u011fi'nin model mesleki davran\u0131\u015f kurallar\u0131<\/a><\/li>\n<li><a href=\"https:\/\/www.bzaek.de\/fileadmin\/PDFs\/b\/mwbo.pdf\" target=\"_blank\" rel=\"noopener\">Alman Di\u015fhekimleri Birli\u011fi'nin model e\u011fitim y\u00f6netmelikleri<\/a><\/li>\n<li><a href=\"https:\/\/www.gesetze-im-internet.de\/zo-zahn_rzte\/\" target=\"_blank\" rel=\"noopener\">S\u00f6zle\u015fmeli di\u015f hekimleri i\u00e7in yetki y\u00f6netmeli\u011fi (Zahn\u00e4rzte-ZV)<\/a><\/li>\n<li>Di\u011fer yasal d\u00fczenlemelere a\u015fa\u011f\u0131daki adresten ula\u015f\u0131labilir <a href=\"https:\/\/www.zahnaerztekammernordrhein.de\/fuer-die-praxis-beruf-wissen\/\" target=\"_blank\" rel=\"noopener\">Kuzey Ren Di\u015f Hekimleri Birli\u011fi<\/a><\/li>\n<\/ul>\n<h6>Mesleki tazminat sigortas\u0131 hakk\u0131nda bilgi<\/h6>\n<p><strong>Sigortac\u0131n\u0131n ad\u0131 ve kay\u0131tl\u0131 ofisi<br \/>\n<\/strong>tba<\/p>\n<p><strong>Sigortan\u0131n ge\u00e7erlilik alan\u0131<\/strong><br \/>\nAlmanya<\/p>\n<h6>\u00a7 55 Abs. 2 RStV uyar\u0131nca i\u00e7erikten sorumludur<\/h6>\n<p>Dr. med. dent. Mehdi Elahi<br \/>\nBrucknerallee 19<br \/>\n41236 M\u00f6nchengladbach<\/p>\n<h6>Uyu\u015fmazl\u0131k \u00e7\u00f6z\u00fcm\u00fc<\/h6>\n<p>Avrupa Komisyonu, \u00e7evrimi\u00e7i uyu\u015fmazl\u0131k \u00e7\u00f6z\u00fcm\u00fc (OS) i\u00e7in bir platform sa\u011flamaktad\u0131r: <a href=\"https:\/\/ec.europa.eu\/consumers\/odr\" target=\"_blank\" rel=\"noopener\">https:\/\/ec.europa.eu\/consumers\/odr<\/a>.<br \/>\nE-posta adresimizi yukar\u0131daki yasal bildirimde bulabilirsiniz.<\/p>\n<p>Bir t\u00fcketici hakem heyeti nezdindeki uyu\u015fmazl\u0131k \u00e7\u00f6z\u00fcm i\u015flemlerine kat\u0131lmaya istekli veya y\u00fck\u00fcml\u00fc de\u011filiz.<\/p>\n<\/div><\/div><\/div><\/div><div class=\"wpb_column vc_column_container us_custom_f70d789f us_animate_this\"><div class=\"vc_column-inner\"><div class=\"wpb_text_column\"><div class=\"wpb_wrapper\"><h6>Veri koruma<\/h6>\n<p>Ki\u015fisel verilerinizin korunmas\u0131n\u0131 \u00e7ok ciddiye al\u0131yoruz ve ki\u015fisel verilerinizi gizli ve yasal veri koruma d\u00fczenlemelerine uygun olarak ele al\u0131yoruz. L\u00fctfen bizim <a href=\"\/tr\/veri%cc%87-koruma\/\">Gizlilik Politikas\u0131<\/a>.<\/p>\n<h6>Yerle\u015fim, ger\u00e7ekle\u015ftirme, destek<\/h6>\n<p><a href=\"https:\/\/www.docrelations.de\/\" target=\"_blank\" rel=\"noopener\"><img decoding=\"async\" loading=\"lazy\" class=\"alignnone\" title=\"Docrelations GmbH | Uygulama pazarlama ve halkla ili\u015fkiler ajans\u0131\" src=\"\/wp-content\/uploads\/2022\/10\/docrelations-praxismarketing.png\" alt=\"Uygulama pazarlamas\u0131\" width=\"80\" height=\"80\" \/><\/a><br \/>\nDocrelations GmbH<br \/>\ni\u00e7in Ajans <a href=\"https:\/\/www.docrelations.de\/\" target=\"_blank\" rel=\"noopener\">Uygulama pazarlamas\u0131<\/a><br \/>\nD\u00fcsseldorf - Bayreuth<\/p>\n<p><strong>\u2192 Daha fazlas\u0131n\u0131 \u00f6\u011frenmek ister misiniz?\u00a0<a title=\"Ana sayfa tan\u0131m\u0131n\u0131 uygulay\u0131n\" href=\"https:\/\/www.docrelations.de\/praxismarketing-definition\/\" target=\"_self\" rel=\"noopener\"> Pratik pazarlama tan\u0131m\u0131<\/a><\/strong><br \/>\n<strong>\u2192 \u00d6rnekleri g\u00f6rmek ister misiniz? <a title=\"Pratik pazarlama \u00f6rnekleri\" href=\"https:\/\/www.docrelations.de\/praxismarketing-beispiele-arztpraxis\/\" target=\"_self\" rel=\"noopener\">Pratik pazarlama \u00f6rnekleri<\/a><\/strong><\/p>\n<h6>Telif hakk\u0131 g\u00f6r\u00fcnt\u00fcleri<\/h6>\n<p><strong>stock.adobe.com<\/strong><br \/>\n273820920 \u00a9 Drobot Dean<br \/>\n145927031 \u00a9 edwardolive<\/p>\n<h6>Ba\u011flant\u0131lar i\u00e7in sorumluluk<\/h6>\n<p>Web sitemiz, i\u00e7eri\u011fi \u00fczerinde hi\u00e7bir etkimiz olmayan harici \u00fc\u00e7\u00fcnc\u00fc taraf web sitelerine ba\u011flant\u0131lar i\u00e7ermektedir. Bu nedenle, bu \u00fc\u00e7\u00fcnc\u00fc taraf i\u00e7eri\u011fi i\u00e7in herhangi bir sorumluluk kabul edemeyiz. Ba\u011flant\u0131l\u0131 sayfalar\u0131n i\u00e7eri\u011finden her zaman sayfalar\u0131n ilgili sa\u011flay\u0131c\u0131s\u0131 veya operat\u00f6r\u00fc sorumludur. Ba\u011flant\u0131 verilen sayfalar, ba\u011flant\u0131 verildi\u011fi s\u0131rada olas\u0131 yasal ihlallere kar\u015f\u0131 kontrol edilmi\u015ftir. Ba\u011flant\u0131 s\u0131ras\u0131nda yasa d\u0131\u015f\u0131 i\u00e7erikler tespit edilememi\u015ftir.<\/p>\n<p>Bununla birlikte, ba\u011flant\u0131l\u0131 sayfalar\u0131n i\u00e7eri\u011finin s\u00fcrekli olarak izlenmesi, bir ihlalin somut kan\u0131t\u0131 olmadan makul de\u011fildir. Herhangi bir yasal ihlalden haberdar olursak, bu t\u00fcr ba\u011flant\u0131lar\u0131 derhal kald\u0131raca\u011f\u0131z.<\/p>\n<h6>Telif Hakk\u0131<\/h6>\n<p>Bu sayfalarda site operat\u00f6rleri taraf\u0131ndan olu\u015fturulan i\u00e7erik ve eserler Alman telif hakk\u0131 yasas\u0131na tabidir. \u00c7o\u011faltma, i\u015fleme, da\u011f\u0131t\u0131m ve telif hakk\u0131 yasas\u0131n\u0131n s\u0131n\u0131rlar\u0131 d\u0131\u015f\u0131ndaki her t\u00fcrl\u00fc kullan\u0131m, ilgili yazar\u0131n veya yarat\u0131c\u0131n\u0131n yaz\u0131l\u0131 onay\u0131n\u0131 gerektirir. Bu sitenin indirilmesine ve kopyalanmas\u0131na yaln\u0131zca \u00f6zel, ticari olmayan kullan\u0131m i\u00e7in izin verilir.<\/p>\n<p>Bu sitedeki i\u00e7erik operat\u00f6r taraf\u0131ndan olu\u015fturulmad\u0131\u011f\u0131 s\u00fcrece, \u00fc\u00e7\u00fcnc\u00fc taraflar\u0131n telif haklar\u0131na sayg\u0131 duyulur. \u00d6zellikle, \u00fc\u00e7\u00fcnc\u00fc taraf i\u00e7eri\u011fi bu \u015fekilde etiketlenmi\u015ftir. Yine de bir telif hakk\u0131 ihlalinden haberdar olursan\u0131z, l\u00fctfen bizi uygun \u015fekilde bilgilendirin. Herhangi bir ihlalden haberdar olursak, bu t\u00fcr i\u00e7eri\u011fi derhal kald\u0131raca\u011f\u0131z.<\/p>\n<\/div><\/div><\/div><\/div><\/div><\/div><\/div><\/div><\/div><\/section>","protected":false},"excerpt":{"rendered":"Impressum Pflichtangaben Praxis f\u00fcr Kieferorthop\u00e4die Dr. med. dent. Mehdi Elahi Fachzahnarzt f\u00fcr Kieferorthop\u00e4die Brucknerallee 19 41236 M\u00f6nchengladbach Tel.: 02166 44010 Fax: 02166 846 333 E-Mail:\u00a0info@dr-elahi.de Umsatzsteuer-Identifikationsnummer gem\u00e4\u00df \u00a7 27 a Umsatzsteuergesetz DE 210650539 Aufsichtsbeh\u00f6rde Kassenzahn\u00e4rztliche Vereinigung Nordrhein Lindemannstr. 34 &#8211; 42 40237 D\u00fcsseldorf www.kzvnr.de Zust\u00e4ndige Kammer Zahn\u00e4rztekammer Nordrhein Emanuel-Leutze-Str. 8 40547 D\u00fcsseldorf www.zahnaerztekammernordrhein.de Berufsbezeichnung und...","protected":false},"author":2,"featured_media":14,"parent":0,"menu_order":0,"comment_status":"closed","ping_status":"closed","template":"","meta":{"footnotes":""},"yoast_head":"<!-- This site is optimized with the Yoast SEO plugin v22.5 - https:\/\/yoast.com\/wordpress\/plugins\/seo\/ -->\n<title>Impressum \u2022 Kieferorthop\u00e4die M\u00f6nchengladbach<\/title>\n<meta name=\"description\" content=\"Impressum \u2713 Praxis f\u00fcr Kieferorthop\u00e4die, Dr. med. dent. Mehdi Elahi, Brucknerallee 19, 41236 M\u00f6nchengladbach, Tel.: 02166 44010.\" \/>\n<meta name=\"robots\" content=\"index, follow, max-snippet:-1, max-image-preview:large, max-video-preview:-1\" \/>\n<link rel=\"canonical\" href=\"https:\/\/www.dr-elahi.de\/tr\/baski\/\" \/>\n<meta property=\"og:locale\" content=\"tr_TR\" \/>\n<meta property=\"og:type\" content=\"article\" \/>\n<meta property=\"og:title\" content=\"Impressum \u2022 Kieferorthop\u00e4die M\u00f6nchengladbach\" \/>\n<meta property=\"og:description\" content=\"Impressum \u2713 Praxis f\u00fcr Kieferorthop\u00e4die, Dr. med. dent. Mehdi Elahi, Brucknerallee 19, 41236 M\u00f6nchengladbach, Tel.: 02166 44010.\" \/>\n<meta property=\"og:url\" content=\"https:\/\/www.dr-elahi.de\/tr\/baski\/\" \/>\n<meta property=\"og:site_name\" content=\"Kieferorthop\u00e4de Dr. Elahi\" \/>\n<meta property=\"article:modified_time\" content=\"2025-10-31T06:31:39+00:00\" \/>\n<meta name=\"twitter:card\" content=\"summary_large_image\" \/>\n<meta name=\"twitter:label1\" content=\"Est. reading time\" \/>\n\t<meta name=\"twitter:data1\" content=\"3 dakika\" \/>\n<script type=\"application\/ld+json\" class=\"yoast-schema-graph\">{\"@context\":\"https:\/\/schema.org\",\"@graph\":[{\"@type\":\"WebPage\",\"@id\":\"https:\/\/www.dr-elahi.de\/impressum\/\",\"url\":\"https:\/\/www.dr-elahi.de\/impressum\/\",\"name\":\"Impressum \u2022 Kieferorthop\u00e4die M\u00f6nchengladbach\",\"isPartOf\":{\"@id\":\"https:\/\/www.dr-elahi.de\/#website\"},\"primaryImageOfPage\":{\"@id\":\"https:\/\/www.dr-elahi.de\/impressum\/#primaryimage\"},\"image\":{\"@id\":\"https:\/\/www.dr-elahi.de\/impressum\/#primaryimage\"},\"thumbnailUrl\":\"https:\/\/www.dr-elahi.de\/wp-content\/uploads\/2022\/09\/0038_Dr-Elahi_FAV_01.svg\",\"datePublished\":\"2022-10-10T12:56:21+00:00\",\"dateModified\":\"2025-10-31T06:31:39+00:00\",\"description\":\"Impressum \u2713 Praxis f\u00fcr Kieferorthop\u00e4die, Dr. med. dent. Mehdi Elahi, Brucknerallee 19, 41236 M\u00f6nchengladbach, Tel.: 02166 44010.\",\"breadcrumb\":{\"@id\":\"https:\/\/www.dr-elahi.de\/impressum\/#breadcrumb\"},\"inLanguage\":\"tr\",\"potentialAction\":[{\"@type\":\"ReadAction\",\"target\":[\"https:\/\/www.dr-elahi.de\/impressum\/\"]}]},{\"@type\":\"ImageObject\",\"inLanguage\":\"tr\",\"@id\":\"https:\/\/www.dr-elahi.de\/impressum\/#primaryimage\",\"url\":\"https:\/\/www.dr-elahi.de\/wp-content\/uploads\/2022\/09\/0038_Dr-Elahi_FAV_01.svg\",\"contentUrl\":\"https:\/\/www.dr-elahi.de\/wp-content\/uploads\/2022\/09\/0038_Dr-Elahi_FAV_01.svg\",\"caption\":\"Dr. Mehdi Elahi Kieferorthop\u00e4de\"},{\"@type\":\"BreadcrumbList\",\"@id\":\"https:\/\/www.dr-elahi.de\/impressum\/#breadcrumb\",\"itemListElement\":[{\"@type\":\"ListItem\",\"position\":1,\"name\":\"Startseite\",\"item\":\"https:\/\/www.dr-elahi.de\/\"},{\"@type\":\"ListItem\",\"position\":2,\"name\":\"Impressum\"}]},{\"@type\":\"WebSite\",\"@id\":\"https:\/\/www.dr-elahi.de\/#website\",\"url\":\"https:\/\/www.dr-elahi.de\/\",\"name\":\"Kieferorthop\u00e4de Dr. Elahi\",\"description\":\"Kieferorthop\u00e4de M\u00f6nchengladbach\",\"potentialAction\":[{\"@type\":\"SearchAction\",\"target\":{\"@type\":\"EntryPoint\",\"urlTemplate\":\"https:\/\/www.dr-elahi.de\/?s={search_term_string}\"},\"query-input\":\"required name=search_term_string\"}],\"inLanguage\":\"tr\"}]}<\/script>\n<!-- \/ Yoast SEO plugin. -->","yoast_head_json":{"title":"Impressum \u2022 Kieferorthop\u00e4die M\u00f6nchengladbach","description":"Impressum \u2713 Praxis f\u00fcr Kieferorthop\u00e4die, Dr. med. dent. Mehdi Elahi, Brucknerallee 19, 41236 M\u00f6nchengladbach, Tel.: 02166 44010.","robots":{"index":"index","follow":"follow","max-snippet":"max-snippet:-1","max-image-preview":"max-image-preview:large","max-video-preview":"max-video-preview:-1"},"canonical":"https:\/\/www.dr-elahi.de\/tr\/baski\/","og_locale":"tr_TR","og_type":"article","og_title":"Impressum \u2022 Kieferorthop\u00e4die M\u00f6nchengladbach","og_description":"Impressum \u2713 Praxis f\u00fcr Kieferorthop\u00e4die, Dr. med. dent. Mehdi Elahi, Brucknerallee 19, 41236 M\u00f6nchengladbach, Tel.: 02166 44010.","og_url":"https:\/\/www.dr-elahi.de\/tr\/baski\/","og_site_name":"Kieferorthop\u00e4de Dr. Elahi","article_modified_time":"2025-10-31T06:31:39+00:00","twitter_card":"summary_large_image","twitter_misc":{"Est. reading time":"3 dakika"},"schema":{"@context":"https:\/\/schema.org","@graph":[{"@type":"WebPage","@id":"https:\/\/www.dr-elahi.de\/impressum\/","url":"https:\/\/www.dr-elahi.de\/impressum\/","name":"Impressum \u2022 Kieferorthop\u00e4die M\u00f6nchengladbach","isPartOf":{"@id":"https:\/\/www.dr-elahi.de\/#website"},"primaryImageOfPage":{"@id":"https:\/\/www.dr-elahi.de\/impressum\/#primaryimage"},"image":{"@id":"https:\/\/www.dr-elahi.de\/impressum\/#primaryimage"},"thumbnailUrl":"https:\/\/www.dr-elahi.de\/wp-content\/uploads\/2022\/09\/0038_Dr-Elahi_FAV_01.svg","datePublished":"2022-10-10T12:56:21+00:00","dateModified":"2025-10-31T06:31:39+00:00","description":"Impressum \u2713 Praxis f\u00fcr Kieferorthop\u00e4die, Dr. med. dent. Mehdi Elahi, Brucknerallee 19, 41236 M\u00f6nchengladbach, Tel.: 02166 44010.","breadcrumb":{"@id":"https:\/\/www.dr-elahi.de\/impressum\/#breadcrumb"},"inLanguage":"tr","potentialAction":[{"@type":"ReadAction","target":["https:\/\/www.dr-elahi.de\/impressum\/"]}]},{"@type":"ImageObject","inLanguage":"tr","@id":"https:\/\/www.dr-elahi.de\/impressum\/#primaryimage","url":"https:\/\/www.dr-elahi.de\/wp-content\/uploads\/2022\/09\/0038_Dr-Elahi_FAV_01.svg","contentUrl":"https:\/\/www.dr-elahi.de\/wp-content\/uploads\/2022\/09\/0038_Dr-Elahi_FAV_01.svg","caption":"Dr. Mehdi Elahi Kieferorthop\u00e4de"},{"@type":"BreadcrumbList","@id":"https:\/\/www.dr-elahi.de\/impressum\/#breadcrumb","itemListElement":[{"@type":"ListItem","position":1,"name":"Startseite","item":"https:\/\/www.dr-elahi.de\/"},{"@type":"ListItem","position":2,"name":"Impressum"}]},{"@type":"WebSite","@id":"https:\/\/www.dr-elahi.de\/#website","url":"https:\/\/www.dr-elahi.de\/","name":"Kieferorthop\u00e4de Dr. Elahi","description":"Kieferorthop\u00e4de M\u00f6nchengladbach","potentialAction":[{"@type":"SearchAction","target":{"@type":"EntryPoint","urlTemplate":"https:\/\/www.dr-elahi.de\/?s={search_term_string}"},"query-input":"required name=search_term_string"}],"inLanguage":"tr"}]}},"_links":{"self":[{"href":"https:\/\/www.dr-elahi.de\/tr\/wp-json\/wp\/v2\/pages\/141"}],"collection":[{"href":"https:\/\/www.dr-elahi.de\/tr\/wp-json\/wp\/v2\/pages"}],"about":[{"href":"https:\/\/www.dr-elahi.de\/tr\/wp-json\/wp\/v2\/types\/page"}],"author":[{"embeddable":true,"href":"https:\/\/www.dr-elahi.de\/tr\/wp-json\/wp\/v2\/users\/2"}],"replies":[{"embeddable":true,"href":"https:\/\/www.dr-elahi.de\/tr\/wp-json\/wp\/v2\/comments?post=141"}],"version-history":[{"count":15,"href":"https:\/\/www.dr-elahi.de\/tr\/wp-json\/wp\/v2\/pages\/141\/revisions"}],"predecessor-version":[{"id":666,"href":"https:\/\/www.dr-elahi.de\/tr\/wp-json\/wp\/v2\/pages\/141\/revisions\/666"}],"wp:featuredmedia":[{"embeddable":true,"href":"https:\/\/www.dr-elahi.de\/tr\/wp-json\/wp\/v2\/media\/14"}],"wp:attachment":[{"href":"https:\/\/www.dr-elahi.de\/tr\/wp-json\/wp\/v2\/media?parent=141"}],"curies":[{"name":"wp","href":"https:\/\/api.w.org\/{rel}","templated":true}]}}