{"id":18,"date":"2022-10-06T09:23:47","date_gmt":"2022-10-06T09:23:47","guid":{"rendered":"https:\/\/www.dr-elahi.de\/?page_id=18"},"modified":"2025-10-31T06:36:06","modified_gmt":"2025-10-31T06:36:06","slug":"home","status":"publish","type":"page","link":"https:\/\/www.dr-elahi.de\/tr\/","title":{"rendered":"Ev"},"content":{"rendered":"<section class=\"l-section wpb_row us_custom_0d42b606 height_auto\"><div class=\"l-section-h i-cf\"><div class=\"g-cols vc_row via_grid cols_2 laptops-cols_inherit tablets-cols_inherit mobiles-cols_1 valign_top type_default stacking_default\"><div class=\"wpb_column vc_column_container us_custom_819670d1 us_animate_this  hide_on_tablets hide_on_mobiles has_bg_color\"><div class=\"vc_column-inner\"><h1 style=\"font-size: 2.3rem;line-height: 1.2;text-align: left;font-family:Roboto;font-weight:300;font-style:normal\" class=\"vc_custom_heading us_custom_1fb8b2dc us_animate_this\" >M\u00f6nchengladbach'taki ortodontistiniz<\/h1><div class=\"wpb_text_column us_custom_15a2201b us_animate_this\"><div class=\"wpb_wrapper\"><h3>Dr. Mehdi Elahi<\/h3>\n<\/div><\/div><div class=\"w-separator size_small\"><\/div><div class=\"w-btn-wrapper align_none\"><a class=\"w-btn us-btn-style_1 us_custom_2fe7c7a1 us_animate_this icon_atleft\" target=\"_blank\" href=\"https:\/\/drclip.de\/praxis\/f5a5e67a-5e45-4919-81e4-e50826b437fe\/termin\/reservierung\" rel=\"noopener\"><i class=\"far fa-calendar-check\"><\/i><span class=\"w-btn-label\">\u015eimdi randevu al\u0131n<\/span><\/a><\/div><div class=\"w-btn-wrapper align_none\"><a class=\"w-btn us-btn-style_1 us_custom_2fe7c7a1 us_animate_this icon_atleft\" title=\"Bize ula\u015f\u0131n\" href=\"\/tr\/iletisim\/\"><i class=\"far fa-comments\"><\/i><span class=\"w-btn-label\">Bize ula\u015f\u0131n<\/span><\/a><\/div><\/div><\/div><div class=\"wpb_column vc_column_container\"><div class=\"vc_column-inner\"><\/div><\/div><\/div><\/div><\/section><section class=\"l-section wpb_row us_custom_ac037762 height_auto\"><div class=\"l-section-overlay\" style=\"background:var(--color-content-bg-alt)\"><\/div><div class=\"l-section-h i-cf\"><div class=\"g-cols vc_row via_grid cols_1 laptops-cols_inherit tablets-cols_inherit mobiles-cols_1 valign_top type_default stacking_default\"><div class=\"wpb_column vc_column_container\"><div class=\"vc_column-inner\"><div class=\"g-cols wpb_row via_grid cols_2-1 laptops-cols_inherit tablets-cols_inherit mobiles-cols_1 valign_middle type_default stacking_default\"><div class=\"wpb_column vc_column_container us_custom_60e9caca us_animate_this\"><div class=\"vc_column-inner\"><div class=\"wpb_text_column\"><div class=\"wpb_wrapper\"><h2>A\u015fa\u011f\u0131dakiler i\u00e7in uzman muayenehaneye ho\u015f geldiniz<\/h2>\n<h3>Dr. Mehdi Elahi'den Ortodonti<\/h3>\n<\/div><\/div><div class=\"w-separator size_medium\"><\/div><div class=\"wpb_text_column\"><div class=\"wpb_wrapper\"><p>M\u00f6nchengladbach'taki uzman ortodonti muayenehanemizin web sitesine ho\u015f geldiniz. <a href=\"\/tr\/kfo-moenchengladbach\/#dr-elahi\">Dr. Med. Dent. Mehdi Elahi<\/a>.<\/p>\n<p>Amac\u0131m\u0131z \u00e7i\u011fneme sisteminin (di\u015fler, \u00e7ene eklemleri, \u00e7i\u011fneme kaslar\u0131...) sa\u011fl\u0131\u011f\u0131n\u0131 uzun vadede korumak ve g\u00fcl\u00fc\u015f esteti\u011fini ve di\u015f-dudak ili\u015fkisini optimize etmektir.<\/p>\n<p>Zor g\u00f6revleri bile h\u0131zl\u0131, konforlu ve hassas bir \u015fekilde \u00e7\u00f6zmek bizim mesle\u011fimizdir. \u00c7ene ve di\u015f hizas\u0131zl\u0131klar\u0131n\u0131 a\u011fr\u0131s\u0131z, y\u00fcksek standartlarda ve ki\u015fiye \u00f6zel olarak tedavi etmek i\u00e7in en modern ve ayn\u0131 zamanda de\u011ferli y\u00fcksek teknoloji y\u00f6ntemlerini kullan\u0131yoruz.<\/p>\n<p>Ki\u015fisel ve yetkin bak\u0131m alaca\u011f\u0131n\u0131z uzman bir di\u015f hekimli\u011fi muayenehanesi mi ar\u0131yorsunuz? Bizden bir randevu al\u0131n. Sizleri muayenehanemize bekliyoruz <a href=\"https:\/\/drclip.de\/praxis\/f5a5e67a-5e45-4919-81e4-e50826b437fe\/termin\/reservierung\" target=\"_blank\" rel=\"noopener\">\u00c7evrimi\u00e7i ara\u00e7<\/a>.<\/p>\n<\/div><\/div><div class=\"w-separator size_small\"><\/div><div class=\"w-btn-wrapper align_none\"><a class=\"w-btn us-btn-style_1 us_custom_8f2ba1f4 us_animate_this icon_atleft\" target=\"_blank\" href=\"https:\/\/drclip.de\/praxis\/f5a5e67a-5e45-4919-81e4-e50826b437fe\/termin\/reservierung\" rel=\"noopener\"><i class=\"far fa-calendar-check\"><\/i><span class=\"w-btn-label\">\u015eimdi randevu al\u0131n<\/span><\/a><\/div><\/div><\/div><div class=\"wpb_column vc_column_container us_custom_6ca6e08b us_animate_this has_bg_color\"><div class=\"vc_column-inner\"><div class=\"w-separator size_small\"><\/div>\n\t<div class=\"wpb_raw_code wpb_content_element wpb_raw_html\" >\n\t\t<div class=\"wpb_wrapper\">\n\t\t\t<a id=\"zl-url\" class=\"zl-url\" href=\"https:\/\/www.jameda.de\/mehdi-elahi\/zahnarzt\/moenchengladbach\" rel=\"nofollow\" data-zlw-doctor=\"mehdi-elahi\" data-zlw-type=\"big\" data-zlw-opinion=\"true\" data-zlw-hide-branding=\"true\">Mehdi Elahi - jameda.de<\/a><script>!function($_x,_s,id){var js,fjs=$_x.getElementsByTagName(_s)[0];if(!$_x.getElementById(id)){js = $_x.createElement(_s);js.id = id;js.src = \"\/\/platform.docplanner.com\/js\/widget.js\";fjs.parentNode.insertBefore(js,fjs);}}(document,\"script\",\"zl-widget-s\");<\/script>\n\t\t<\/div>\n\t<\/div>\n<div class=\"wpb_text_column\"><div class=\"wpb_wrapper\"><h6>Dr. med. dent. Mehdi Elahi<\/h6>\n<p>Ortodonti uzman\u0131 di\u015f hekimi Dr. Mehdi Elahi, 1998 y\u0131l\u0131ndan bu yana yanl\u0131\u015f hizalanm\u0131\u015f di\u015flerin ve \u00e7enelerin d\u00fczeltilmesi i\u00e7in modern ve g\u00f6ze \u00e7arpmayan prosed\u00fcrleri savunmaktad\u0131r.<\/p>\n<\/div><\/div><div class=\"w-separator size_small\"><\/div><\/div><\/div><\/div><\/div><\/div><\/div><\/div><\/section><section class=\"l-section wpb_row us_custom_ac037762 height_auto\"><div class=\"l-section-h i-cf\"><div class=\"g-cols vc_row via_grid cols_1 laptops-cols_inherit tablets-cols_inherit mobiles-cols_1 valign_top type_default stacking_default\"><div class=\"wpb_column vc_column_container\"><div class=\"vc_column-inner\"><div class=\"g-cols wpb_row via_grid cols_3 laptops-cols_inherit tablets-cols_inherit mobiles-cols_1 valign_top type_default stacking_default\"><div class=\"wpb_column vc_column_container us_custom_08e75eae us_animate_this\"><div class=\"vc_column-overlay\" style=\"background:var(--color-content-bg-alt)\"><\/div><div class=\"vc_column-inner\"><div class=\"w-image align_none\"><div class=\"w-image-h\"><img width=\"1024\" height=\"759\" src=\"https:\/\/www.dr-elahi.de\/wp-content\/uploads\/2022\/10\/0038_Dr-Elahi-Team_02-1024x759.jpg\" class=\"attachment-large size-large\" alt=\"KFO M\u00f6nchengladbach\" decoding=\"async\" loading=\"lazy\" srcset=\"https:\/\/www.dr-elahi.de\/wp-content\/uploads\/2022\/10\/0038_Dr-Elahi-Team_02-1024x759.jpg 1024w, https:\/\/www.dr-elahi.de\/wp-content\/uploads\/2022\/10\/0038_Dr-Elahi-Team_02-300x222.jpg 300w, https:\/\/www.dr-elahi.de\/wp-content\/uploads\/2022\/10\/0038_Dr-Elahi-Team_02.jpg 1350w\" sizes=\"(max-width: 1024px) 100vw, 1024px\" \/><\/div><\/div><div class=\"w-separator size_small\"><\/div><div class=\"wpb_text_column\"><div class=\"wpb_wrapper\"><h6>Bizim ekibimiz<\/h6>\n<p>Yetkin muayenehane ekibimiz ortodonti alan\u0131nda y\u0131llar\u0131n deneyimine sahiptir.<\/p>\n<\/div><\/div><div class=\"w-separator size_small\"><\/div><div class=\"w-btn-wrapper align_none\"><a class=\"w-btn us-btn-style_1 us_custom_8f2ba1f4 us_animate_this icon_atleft\" title=\"Tak\u0131m\" target=\"_blank\" href=\"\/tr\/kfo-moenchengladbach\/\" rel=\"noopener\"><i class=\"far fa-arrow-circle-right\"><\/i><span class=\"w-btn-label\">Daha fazla bilgi edinin<\/span><\/a><\/div><\/div><\/div><div class=\"wpb_column vc_column_container us_custom_943dd38d us_animate_this\"><div class=\"vc_column-overlay\" style=\"background:var(--color-content-bg-alt)\"><\/div><div class=\"vc_column-inner\"><div class=\"w-image align_none\"><div class=\"w-image-h\"><img width=\"1000\" height=\"750\" src=\"https:\/\/www.dr-elahi.de\/wp-content\/uploads\/2022\/10\/0038_Dr-Elahi-Team_01-1.jpg\" class=\"attachment-large size-large\" alt=\"Dr. Mehdi Elahi Ortodontist\" decoding=\"async\" loading=\"lazy\" srcset=\"https:\/\/www.dr-elahi.de\/wp-content\/uploads\/2022\/10\/0038_Dr-Elahi-Team_01-1.jpg 1000w, https:\/\/www.dr-elahi.de\/wp-content\/uploads\/2022\/10\/0038_Dr-Elahi-Team_01-1-300x225.jpg 300w\" sizes=\"(max-width: 1000px) 100vw, 1000px\" \/><\/div><\/div><div class=\"w-separator size_small\"><\/div><div class=\"wpb_text_column\"><div class=\"wpb_wrapper\"><h6>Spektrumumuz<\/h6>\n<p>Uzman muayenehanemizde, en son standartlara g\u00f6re modern tedaviler bekleyebilirsiniz.<\/p>\n<\/div><\/div><div class=\"w-separator size_small\"><\/div><div class=\"w-btn-wrapper align_none\"><a class=\"w-btn us-btn-style_1 us_custom_8f2ba1f4 us_animate_this icon_atleft\" title=\"Spektrum\" target=\"_blank\" href=\"\/tr\/spektrum\/\" rel=\"noopener\"><i class=\"far fa-arrow-circle-right\"><\/i><span class=\"w-btn-label\">Daha fazla bilgi edinin<\/span><\/a><\/div><\/div><\/div><div class=\"wpb_column vc_column_container us_custom_7c8819ce us_animate_this\"><div class=\"vc_column-overlay\" style=\"background:var(--color-content-bg-alt)\"><\/div><div class=\"vc_column-inner\"><div class=\"w-image align_none\"><div class=\"w-image-h\"><img width=\"1024\" height=\"756\" src=\"https:\/\/www.dr-elahi.de\/wp-content\/uploads\/2022\/10\/0038_Dr-Elahi-Praxis_12-1024x756.jpg\" class=\"attachment-large size-large\" alt=\"Ortodonti M\u00f6nchengladbach\" decoding=\"async\" loading=\"lazy\" srcset=\"https:\/\/www.dr-elahi.de\/wp-content\/uploads\/2022\/10\/0038_Dr-Elahi-Praxis_12-1024x756.jpg 1024w, https:\/\/www.dr-elahi.de\/wp-content\/uploads\/2022\/10\/0038_Dr-Elahi-Praxis_12-300x221.jpg 300w, https:\/\/www.dr-elahi.de\/wp-content\/uploads\/2022\/10\/0038_Dr-Elahi-Praxis_12.jpg 1355w\" sizes=\"(max-width: 1024px) 100vw, 1024px\" \/><\/div><\/div><div class=\"w-separator size_small\"><\/div><div class=\"wpb_text_column\"><div class=\"wpb_wrapper\"><h6>Uygulamam\u0131z<\/h6>\n<p>Muayenehanemizde modern ve konforlu odalar ile samimi bir atmosfer sizi bekliyor.<\/p>\n<\/div><\/div><div class=\"w-separator size_small\"><\/div><div class=\"w-btn-wrapper align_none\"><a class=\"w-btn us-btn-style_1 us_custom_8f2ba1f4 us_animate_this icon_atleft\" title=\"Uygulama\" target=\"_blank\" href=\"\/tr\/ortodonti%cc%87-moenchengladbach\/\" rel=\"noopener\"><i class=\"far fa-arrow-circle-right\"><\/i><span class=\"w-btn-label\">Daha fazla bilgi edinin<\/span><\/a><\/div><\/div><\/div><\/div><\/div><\/div><\/div><\/div><\/section><section class=\"l-section wpb_row us_custom_ac037762 height_auto\"><div class=\"l-section-overlay\" style=\"background:var(--color-content-bg-alt)\"><\/div><div class=\"l-section-h i-cf\"><div class=\"g-cols vc_row via_grid cols_1 laptops-cols_inherit tablets-cols_inherit mobiles-cols_1 valign_top type_default stacking_default\"><div class=\"wpb_column vc_column_container\"><div class=\"vc_column-inner\"><div class=\"wpb_text_column us_custom_3af55a1e us_animate_this\"><div class=\"wpb_wrapper\"><h2>Bir bak\u0131\u015fta hizmetlerimiz<\/h2>\n<h3>Geni\u015f hizmet yelpazemizden yararlan\u0131n<\/h3>\n<\/div><\/div><div class=\"w-separator size_large\"><\/div><div class=\"g-cols wpb_row via_grid cols_3 laptops-cols_inherit tablets-cols_inherit mobiles-cols_1 valign_top type_default stacking_default\"><div class=\"wpb_column vc_column_container us_custom_a0057f77 us_animate_this\"><div class=\"vc_column-overlay\" style=\"background:#ffffff\"><\/div><div class=\"vc_column-inner\"><div class=\"w-iconbox iconpos_top style_default color_primary align_none no_title no_text\"><div class=\"w-iconbox-icon\" style=\"font-size:2rem;\"><i class=\"far fa-tooth\"><\/i><\/div><div class=\"w-iconbox-meta\"><\/div><\/div><div class=\"w-separator size_small\"><\/div><div class=\"wpb_text_column\"><div class=\"wpb_wrapper\"><h6>Yanl\u0131\u015f hizalanm\u0131\u015f di\u015flerin d\u00fczeltilmesi<\/h6>\n<\/div><\/div><\/div><\/div><div class=\"wpb_column vc_column_container us_custom_8c6858aa us_animate_this\"><div class=\"vc_column-overlay\" style=\"background:#ffffff\"><\/div><div class=\"vc_column-inner\"><div class=\"w-iconbox iconpos_top style_default color_primary align_none no_title no_text\"><div class=\"w-iconbox-icon\" style=\"font-size:2rem;\"><i class=\"far fa-teeth-open\"><\/i><\/div><div class=\"w-iconbox-meta\"><\/div><\/div><div class=\"w-separator size_small\"><\/div><div class=\"wpb_text_column\"><div class=\"wpb_wrapper\"><h6>\u00c7ene yanl\u0131\u015f hizalamalar\u0131n\u0131n d\u00fczeltilmesi<\/h6>\n<\/div><\/div><\/div><\/div><div class=\"wpb_column vc_column_container us_custom_c90bceae us_animate_this\"><div class=\"vc_column-overlay\" style=\"background:#ffffff\"><\/div><div class=\"vc_column-inner\"><div class=\"w-iconbox iconpos_top style_default color_primary align_none no_title no_text\"><div class=\"w-iconbox-icon\" style=\"font-size:2rem;\"><i class=\"far fa-user-friends\"><\/i><\/div><div class=\"w-iconbox-meta\"><\/div><\/div><div class=\"w-separator size_small\"><\/div><div class=\"wpb_text_column\"><div class=\"wpb_wrapper\"><h6>Ergenlerin ve yeti\u015fkinlerin tedavisi<\/h6>\n<\/div><\/div><\/div><\/div><div class=\"wpb_column vc_column_container us_custom_a0057f77 us_animate_this\"><div class=\"vc_column-overlay\" style=\"background:#ffffff\"><\/div><div class=\"vc_column-inner\"><div class=\"w-iconbox iconpos_top style_default color_primary align_none no_title no_text\"><div class=\"w-iconbox-icon\" style=\"font-size:2rem;\"><i class=\"far fa-lips\"><\/i><\/div><div class=\"w-iconbox-meta\"><\/div><\/div><div class=\"w-separator size_small\"><\/div><div class=\"wpb_text_column\"><div class=\"wpb_wrapper\"><h6>Hizalay\u0131c\u0131lar gibi yenilik\u00e7i tedavi y\u00f6ntemleri<\/h6>\n<\/div><\/div><\/div><\/div><div class=\"wpb_column vc_column_container us_custom_8c6858aa us_animate_this\"><div class=\"vc_column-overlay\" style=\"background:#ffffff\"><\/div><div class=\"vc_column-inner\"><div class=\"w-iconbox iconpos_top style_default color_primary align_none no_title no_text\"><div class=\"w-iconbox-icon\" style=\"font-size:2rem;\"><i class=\"far fa-sort\"><\/i><\/div><div class=\"w-iconbox-meta\"><\/div><\/div><div class=\"w-separator size_small\"><\/div><div class=\"wpb_text_column\"><div class=\"wpb_wrapper\"><h6>\u00c7\u0131kar\u0131labilir ve g\u00f6r\u00fcnmez di\u015f telleri<\/h6>\n<\/div><\/div><\/div><\/div><div class=\"wpb_column vc_column_container us_custom_c90bceae us_animate_this\"><div class=\"vc_column-overlay\" style=\"background:#ffffff\"><\/div><div class=\"vc_column-inner\"><div class=\"w-iconbox iconpos_top style_default color_primary align_none no_title no_text\"><div class=\"w-iconbox-icon\" style=\"font-size:2rem;\"><i class=\"far fa-question-circle\"><\/i><\/div><div class=\"w-iconbox-meta\"><\/div><\/div><div class=\"w-separator size_small\"><\/div><div class=\"wpb_text_column\"><div class=\"wpb_wrapper\"><h6>Herhangi bir sorunuz varsa l\u00fctfen bizimle ileti\u015fime ge\u00e7in!<\/h6>\n<\/div><\/div><\/div><\/div><\/div><\/div><\/div><\/div><\/div><\/section><section class=\"l-section wpb_row us_custom_ac037762 height_auto\"><div class=\"l-section-h i-cf\"><div class=\"g-cols vc_row via_grid cols_1 laptops-cols_inherit tablets-cols_inherit mobiles-cols_1 valign_top type_default stacking_default\"><div class=\"wpb_column vc_column_container\"><div class=\"vc_column-inner\"><div class=\"wpb_text_column us_custom_3af55a1e us_animate_this\"><div class=\"wpb_wrapper\"><h2>Ortodonti hakk\u0131nda SSS<\/h2>\n<h3>S\u0131k\u00e7a sorulan sorular\u0131n yan\u0131tlar\u0131<\/h3>\n<\/div><\/div><div class=\"w-separator size_large\"><\/div><div class=\"g-cols wpb_row via_grid cols_2 laptops-cols_inherit tablets-cols_inherit mobiles-cols_1 valign_top type_default stacking_default\"><div class=\"wpb_column vc_column_container us_custom_60e9caca us_animate_this\"><div class=\"vc_column-inner\"><div class=\"w-tabs style_default switch_click accordion has_scrolling\" style=\"--sections-title-size:inherit\"><div class=\"w-tabs-sections titles-align_none icon_chevron cpos_right\"><div class=\"w-tabs-section\" id=\"xae4\"><button aria-controls=\"content-xae4\" class=\"w-tabs-section-header with_icon\"><i class=\"far fa-question-circle\"><\/i><div class=\"w-tabs-section-title\">Di\u015f hekimi ile ortodontist aras\u0131ndaki fark nedir?<\/div><div class=\"w-tabs-section-control\"><\/div><\/button><div  class=\"w-tabs-section-content\" id=\"content-xae4\" aria-expanded=\"false\"><div class=\"w-tabs-section-content-h i-cf\"><div class=\"wpb_text_column\"><div class=\"wpb_wrapper\"><p>Hem bir di\u015f hekimi hem de bir ortodontist di\u015f hekimli\u011fi e\u011fitimi alm\u0131\u015ft\u0131r. Ancak, uzmanl\u0131k alanlar\u0131nda farkl\u0131l\u0131k g\u00f6sterirler.<\/p>\n<p>Di\u015f hekimi di\u015flerin, di\u015f etlerinin ve a\u011fz\u0131n veya a\u011f\u0131z mukozas\u0131n\u0131n sa\u011fl\u0131\u011f\u0131yla ilgilenir, \u00e7\u00fcr\u00fck ve periodontitis gibi di\u015f hastal\u0131klar\u0131n\u0131 tedavi eder, dolgular yerle\u015ftirir veya protezler sa\u011flar.<\/p>\n<p>Ortodontist ayn\u0131 zamanda ortodonti alan\u0131nda uzmanla\u015fm\u0131\u015f ve bu nedenle yanl\u0131\u015f hizalanm\u0131\u015f di\u015fler\/\u00e7eneler konusuyla yo\u011fun olarak ilgilenen bir di\u015f hekimidir.<\/p>\n<\/div><\/div><\/div><\/div><\/div><div class=\"w-tabs-section\" id=\"od92\"><button aria-controls=\"content-od92\" class=\"w-tabs-section-header with_icon\"><i class=\"far fa-question-circle\"><\/i><div class=\"w-tabs-section-title\">Di\u015flerde ve \u00e7enede yanl\u0131\u015f hizalanmalar nas\u0131l geli\u015fir?<\/div><div class=\"w-tabs-section-control\"><\/div><\/button><div  class=\"w-tabs-section-content\" id=\"content-od92\" aria-expanded=\"false\"><div class=\"w-tabs-section-content-h i-cf\"><div class=\"wpb_text_column\"><div class=\"wpb_wrapper\"><p>Di\u015fler do\u011fru konumland\u0131r\u0131lmam\u0131\u015fsa veya \u00fcst ve alt \u00e7eneler birbirine do\u011fru \u015fekilde oturmuyorsa, bunun nedeni ya do\u011fu\u015ftan gelen ya da sonradan edinilen malokl\u00fczyonlard\u0131r; bu da genellikle \u00e7ok uzun s\u00fcre\/s\u0131k s\u0131k kukla veya parmak emme ve s\u00fct di\u015flerinin k\u00f6t\u00fc bak\u0131m\u0131 ile ili\u015fkilendirilebilir. \u00c7o\u011fu durumda, farkl\u0131 anomalilerin bir kombinasyonudur.<\/p>\n<\/div><\/div><\/div><\/div><\/div><div class=\"w-tabs-section\" id=\"m027\"><button aria-controls=\"content-m027\" class=\"w-tabs-section-header with_icon\"><i class=\"far fa-question-circle\"><\/i><div class=\"w-tabs-section-title\">Hangi malokl\u00fczyonlar var?<\/div><div class=\"w-tabs-section-control\"><\/div><\/button><div  class=\"w-tabs-section-content\" id=\"content-m027\" aria-expanded=\"false\"><div class=\"w-tabs-section-content-h i-cf\"><div class=\"wpb_text_column\"><div class=\"wpb_wrapper\"><p>Di\u015f hizas\u0131zl\u0131klar\u0131 \u00e7ok \u00e7e\u015fitli olabilir ve sadece bir veya birka\u00e7 di\u015fi, hatta t\u00fcm di\u015f ark\u0131n\u0131 etkileyebilir. Tipik di\u015f hizas\u0131zl\u0131klar\u0131 \u015funlard\u0131r<\/p>\n<ul>\n<li>Di\u015f d\u00f6nd\u00fcrme ve e\u011fme<\/li>\n<li>Di\u015flerde \u00e7apra\u015f\u0131kl\u0131k<\/li>\n<li>Bukkal ve lingual stand<\/li>\n<li>\u00c7apraz \u0131s\u0131r\u0131k<\/li>\n<li>Okl\u00fczyonsuz veya makas \u0131s\u0131r\u0131k<\/li>\n<li>\u00c7\u0131k\u0131nt\u0131<\/li>\n<li>Retr\u00fczyon<\/li>\n<li>Suprapozisyon<\/li>\n<li>Infraposition<\/li>\n<\/ul>\n<\/div><\/div><\/div><\/div><\/div><div class=\"w-tabs-section\" id=\"k33b\"><button aria-controls=\"content-k33b\" class=\"w-tabs-section-header with_icon\"><i class=\"far fa-question-circle\"><\/i><div class=\"w-tabs-section-title\">Yanl\u0131\u015f hizalanm\u0131\u015f di\u015fler ne gibi sonu\u00e7lar do\u011furabilir?<\/div><div class=\"w-tabs-section-control\"><\/div><\/button><div  class=\"w-tabs-section-content\" id=\"content-k33b\" aria-expanded=\"false\"><div class=\"w-tabs-section-content-h i-cf\"><div class=\"wpb_text_column\"><div class=\"wpb_wrapper\"><p>Bunun nedeni genellikle yanl\u0131\u015f hizalanm\u0131\u015f di\u015flerdir:<\/p>\n<ul>\n<li>Di\u015fler aras\u0131 bo\u015fluklar art\u0131k d\u00fczg\u00fcn bir \u015fekilde temizlenemedi\u011fi i\u00e7in \u00e7\u00fcr\u00fck ve periodontitis gibi di\u015f hastal\u0131klar\u0131 riskinde art\u0131\u015f.<\/li>\n<li>Telaffuz bozukluklar\u0131\/lisping, \u00f6rne\u011fin belirli seslerin a\u011f\u0131zda do\u011fru \u015fekilde olu\u015fturulamamas\u0131.<\/li>\n<li>Sindirim sorunlar\u0131, \u00e7\u00fcnk\u00fc baz\u0131 durumlarda yiyecekler d\u00fczg\u00fcn bir \u015fekilde par\u00e7alanamaz.<\/li>\n<li>\u00c7ene, boyun omurgas\u0131, boyun ve s\u0131rtta ho\u015f olmayan gerginlik nedeniyle post\u00fcral aparatta a\u011fr\u0131.<\/li>\n<li>V\u00fccut genelinde sorunlar.<\/li>\n<\/ul>\n<\/div><\/div><\/div><\/div><\/div><div class=\"w-tabs-section\" id=\"z579\"><button aria-controls=\"content-z579\" class=\"w-tabs-section-header with_icon\"><i class=\"far fa-question-circle\"><\/i><div class=\"w-tabs-section-title\">Ortodontik tedavinin s\u00fcresi neye ba\u011fl\u0131d\u0131r?<\/div><div class=\"w-tabs-section-control\"><\/div><\/button><div  class=\"w-tabs-section-content\" id=\"content-z579\" aria-expanded=\"false\"><div class=\"w-tabs-section-content-h i-cf\"><div class=\"wpb_text_column\"><div class=\"wpb_wrapper\"><p>E\u011fer \"sadece\" malokl\u00fczyonlar mevcutsa, bunlar \u0131s\u0131rman\u0131n da d\u00fczeltilmesi gereken malokl\u00fczyonlara g\u00f6re daha kolay ve h\u0131zl\u0131 bir \u015fekilde tedavi edilebilir. \u00c7e\u015fitli tedavi a\u015famalar\u0131 s\u0131ras\u0131nda hasta iyi bir i\u015fbirli\u011fi yaparak tedavi s\u00fcresini olumlu y\u00f6nde etkileyebilir. Deneyimli bir ortodontist, ilk kons\u00fcltasyon ve muayene s\u0131ras\u0131nda size kabaca bir zaman \u00e7izelgesi sunabilir.<\/p>\n<\/div><\/div><\/div><\/div><\/div><div class=\"w-tabs-section\" id=\"c785\"><button aria-controls=\"content-c785\" class=\"w-tabs-section-header with_icon\"><i class=\"far fa-question-circle\"><\/i><div class=\"w-tabs-section-title\">Serbest\/\u00e7\u0131kar\u0131labilir veya sabit di\u015f tellerine ihtiyac\u0131m var m\u0131?<\/div><div class=\"w-tabs-section-control\"><\/div><\/button><div  class=\"w-tabs-section-content\" id=\"content-c785\" aria-expanded=\"false\"><div class=\"w-tabs-section-content-h i-cf\"><div class=\"wpb_text_column\"><div class=\"wpb_wrapper\"><p>Gev\u015fek, \u00e7\u0131kar\u0131labilir veya sabit di\u015f tellerine ihtiyac\u0131n\u0131z olup olmad\u0131\u011f\u0131, di\u015f ve\/veya \u00e7ene hizas\u0131zl\u0131\u011f\u0131n\u0131z\u0131n t\u00fcr\u00fcne ve ciddiyetine ba\u011fl\u0131d\u0131r.<\/p>\n<\/div><\/div><\/div><\/div><\/div><div class=\"w-tabs-section\" id=\"u9cc\"><button aria-controls=\"content-u9cc\" class=\"w-tabs-section-header with_icon\"><i class=\"far fa-question-circle\"><\/i><div class=\"w-tabs-section-title\">Benim i\u00e7in do\u011fru destek hangisi?<\/div><div class=\"w-tabs-section-control\"><\/div><\/button><div  class=\"w-tabs-section-content\" id=\"content-u9cc\" aria-expanded=\"false\"><div class=\"w-tabs-section-content-h i-cf\"><div class=\"wpb_text_column\"><div class=\"wpb_wrapper\"><p style=\"font-weight: 400;\">Farkl\u0131 di\u015f hizas\u0131zl\u0131klar\u0131n\u0131 d\u00fczeltmek i\u00e7in \u00e7e\u015fitli di\u015f telleri vard\u0131r. Di\u015f diziliminiz i\u00e7in do\u011fru \u00e7\u00f6z\u00fcm\u00fc bulmak i\u00e7in r\u00f6ntgenler, modeller, di\u011fer belgeler ve kapsaml\u0131 bir muayene kullan\u0131yoruz.<\/p>\n<\/div><\/div><\/div><\/div><\/div><div class=\"w-tabs-section\" id=\"zc97\"><button aria-controls=\"content-zc97\" class=\"w-tabs-section-header with_icon\"><i class=\"far fa-question-circle\"><\/i><div class=\"w-tabs-section-title\">\u00c7arp\u0131k di\u015fler sadece bir leke midir?<\/div><div class=\"w-tabs-section-control\"><\/div><\/button><div  class=\"w-tabs-section-content\" id=\"content-zc97\" aria-expanded=\"false\"><div class=\"w-tabs-section-content-h i-cf\"><div class=\"wpb_text_column\"><div class=\"wpb_wrapper\"><p style=\"font-weight: 400;\">Di\u015fler \u00e7arp\u0131ksa, bu genellikle \u00e7irkin olarak alg\u0131lan\u0131r. Estetikten \u00f6d\u00fcn vermenin yan\u0131 s\u0131ra, yanl\u0131\u015f hizalanm\u0131\u015f di\u015fler d\u00fczeltilmedikleri takdirde ho\u015f olmayan hasarlara neden olabilirler.<\/p>\n<\/div><\/div><\/div><\/div><\/div><\/div><\/div><\/div><\/div><div class=\"wpb_column vc_column_container us_custom_f2ccb689 us_animate_this\"><div class=\"vc_column-inner\"><div class=\"w-tabs style_default switch_click accordion has_scrolling\" style=\"--sections-title-size:inherit\"><div class=\"w-tabs-sections titles-align_none icon_chevron cpos_right\"><div class=\"w-tabs-section\" id=\"eb12\"><button aria-controls=\"content-eb12\" class=\"w-tabs-section-header with_icon\"><i class=\"far fa-question-circle\"><\/i><div class=\"w-tabs-section-title\">Ortodontist tedavisine ra\u011fmen di\u015f hekimine gitmek zorunda m\u0131y\u0131m?<\/div><div class=\"w-tabs-section-control\"><\/div><\/button><div  class=\"w-tabs-section-content\" id=\"content-eb12\" aria-expanded=\"false\"><div class=\"w-tabs-section-content-h i-cf\"><div class=\"wpb_text_column\"><div class=\"wpb_wrapper\"><p>Evet, muayenehanemizde tedavi a\u015famas\u0131nda bile y\u0131lda bir veya iki kez d\u00fczenli di\u015f hekimi kontrolleri gereklidir. Bu di\u015f profilaksisi, di\u015f ve a\u011f\u0131z sa\u011fl\u0131\u011f\u0131n\u0131 bozabilecek fakt\u00f6rlerin ve hastal\u0131klar\u0131n erken tespitini i\u00e7erir.<\/p>\n<\/div><\/div><\/div><\/div><\/div><div class=\"w-tabs-section\" id=\"ee6f\"><button aria-controls=\"content-ee6f\" class=\"w-tabs-section-header with_icon\"><i class=\"far fa-question-circle\"><\/i><div class=\"w-tabs-section-title\">\u00c7ocuklar ilk kez ne zaman bir ortodontiste g\u00f6r\u00fcnmelidir?<\/div><div class=\"w-tabs-section-control\"><\/div><\/button><div  class=\"w-tabs-section-content\" id=\"content-ee6f\" aria-expanded=\"false\"><div class=\"w-tabs-section-content-h i-cf\"><div class=\"wpb_text_column\"><div class=\"wpb_wrapper\"><p>Bir\u00e7ok ebeveyn, ortodontist ziyaretinin ancak t\u00fcm daimi di\u015fler s\u00fcrd\u00fckten sonra, yani on iki ya\u015f civar\u0131nda anlaml\u0131 olaca\u011f\u0131na inanmaktad\u0131r.<\/p>\n<p>Ebeveynlere \u00e7ocuklar\u0131yla birlikte okula ba\u015flamadan \u00f6nceki y\u0131l muayenehanemize gelmelerini tavsiye ediyoruz. Burada herhangi bir tedavi gerekmiyorsa, \u00e7ocuk yakla\u015f\u0131k dokuz ya\u015f\u0131na geldi\u011finde ikinci bir randevu almal\u0131s\u0131n\u0131z.<\/p>\n<\/div><\/div><\/div><\/div><\/div><div class=\"w-tabs-section\" id=\"o110\"><button aria-controls=\"content-o110\" class=\"w-tabs-section-header with_icon\"><i class=\"far fa-question-circle\"><\/i><div class=\"w-tabs-section-title\">Ortodontik tedavi yeti\u015fkinlerde de uygulanabilir mi?<\/div><div class=\"w-tabs-section-control\"><\/div><\/button><div  class=\"w-tabs-section-content\" id=\"content-o110\" aria-expanded=\"false\"><div class=\"w-tabs-section-content-h i-cf\"><div class=\"wpb_text_column\"><div class=\"wpb_wrapper\"><p>Yanl\u0131\u015f hizalanm\u0131\u015f di\u015flerin ve \u00e7enelerin tedavisine y\u00f6nelik \u00f6nlemler her ya\u015fta uygulanabilir. Di\u015flerin durumu ve kemikteki ankrajlar\u0131 bir \u00f6n ko\u015fuldur. Di\u015fler hala \u00e7ene kemi\u011finin yakla\u015f\u0131k yar\u0131s\u0131ndaysa yanl\u0131\u015f hizalanmalar d\u00fczeltilebilir. Ayr\u0131ca, \u00e7evre dokularda iltihap bulunmamal\u0131d\u0131r.<\/p>\n<\/div><\/div><\/div><\/div><\/div><div class=\"w-tabs-section\" id=\"i3d4\"><button aria-controls=\"content-i3d4\" class=\"w-tabs-section-header with_icon\"><i class=\"far fa-question-circle\"><\/i><div class=\"w-tabs-section-title\">Ortodontik tedavi yeti\u015fkinler i\u00e7in neden \u00e7ocuk ve ergenlere g\u00f6re daha uzun s\u00fcrer?<\/div><div class=\"w-tabs-section-control\"><\/div><\/button><div  class=\"w-tabs-section-content\" id=\"content-i3d4\" aria-expanded=\"false\"><div class=\"w-tabs-section-content-h i-cf\"><div class=\"wpb_text_column\"><div class=\"wpb_wrapper\"><p>Tedavi yeti\u015fkinli\u011fe kadar yap\u0131lmazsa, \u00e7enenin b\u00fcy\u00fcmesi art\u0131k tedavide dikkate al\u0131namaz ve bu da malokl\u00fczyonlar\u0131n d\u00fczeltilmesini daha uzun s\u00fcreli hale getirme e\u011filimindedir.<\/p>\n<\/div><\/div><\/div><\/div><\/div><div class=\"w-tabs-section\" id=\"l61c\"><button aria-controls=\"content-l61c\" class=\"w-tabs-section-header with_icon\"><i class=\"far fa-question-circle\"><\/i><div class=\"w-tabs-section-title\">\u00c7ocuklar\/ergenler i\u00e7in ortodonti ile yeti\u015fkinler i\u00e7in ortodonti aras\u0131ndaki temel farklar nelerdir?<\/div><div class=\"w-tabs-section-control\"><\/div><\/button><div  class=\"w-tabs-section-content\" id=\"content-l61c\" aria-expanded=\"false\"><div class=\"w-tabs-section-content-h i-cf\"><div class=\"wpb_text_column\"><div class=\"wpb_wrapper\"><p>Yeti\u015fkin ve \u00e7ocuk ortodontisi aras\u0131ndaki en \u00f6nemli fark, gen\u00e7 hastalarda \u00e7ene b\u00fcy\u00fcmesinden de yararlan\u0131labilmesidir. E\u011fer \u00e7enede yanl\u0131\u015f hizalanmalar varsa, yeti\u015fkinlerde bunlar\u0131n genellikle cerrahi olarak d\u00fczeltilmesi gerekir. \u00c7ocuklar ameliyat olmadan idare etme e\u011filimindedir.<\/p>\n<p>Ortodonti, yeti\u015fkinlerde protez haz\u0131rl\u0131\u011f\u0131n\u0131 desteklemek i\u00e7in de kullan\u0131labilir.<\/p>\n<\/div><\/div><\/div><\/div><\/div><div class=\"w-tabs-section\" id=\"a847\"><button aria-controls=\"content-a847\" class=\"w-tabs-section-header with_icon\"><i class=\"far fa-question-circle\"><\/i><div class=\"w-tabs-section-title\">Di\u015f telleri yeti\u015fkinler i\u00e7in ne zaman bir se\u00e7enek de\u011fildir?<\/div><div class=\"w-tabs-section-control\"><\/div><\/button><div  class=\"w-tabs-section-content\" id=\"content-a847\" aria-expanded=\"false\"><div class=\"w-tabs-section-content-h i-cf\"><div class=\"wpb_text_column\"><div class=\"wpb_wrapper\"><p>Ne yaz\u0131k ki, di\u015f telleri periodonsiyumun iltihapl\u0131 hastal\u0131klar\u0131 olan yeti\u015fkinlerde kullan\u0131lamaz. Sigara i\u00e7enler de daha y\u00fcksek kemik kayb\u0131 ve di\u015f eti iltihab\u0131 riskine sahip olduklar\u0131ndan \"sorunlu hastalar\" olarak kabul edilirler.<\/p>\n<\/div><\/div><\/div><\/div><\/div><div class=\"w-tabs-section\" id=\"lac8\"><button aria-controls=\"content-lac8\" class=\"w-tabs-section-header with_icon\"><i class=\"far fa-question-circle\"><\/i><div class=\"w-tabs-section-title\">Hizalay\u0131c\u0131lar nedir?<\/div><div class=\"w-tabs-section-control\"><\/div><\/button><div  class=\"w-tabs-section-content\" id=\"content-lac8\" aria-expanded=\"false\"><div class=\"w-tabs-section-content-h i-cf\"><div class=\"wpb_text_column\"><div class=\"wpb_wrapper\"><p>Alignerler (neredeyse) g\u00f6r\u00fcnmez, \u00e7\u0131kar\u0131labilir di\u015f telleridir. Bunlar\u0131 ergenlerde ve yeti\u015fkinlerde yanl\u0131\u015f hizalanm\u0131\u015f di\u015fleri d\u00fczeltmek i\u00e7in kullan\u0131yoruz. Aligner'lar g\u00fcnl\u00fck ya\u015famda neredeyse hi\u00e7 fark edilmez ve kullan\u0131mlar\u0131 da son derece esnektir.<\/p>\n<\/div><\/div><\/div><\/div><\/div><\/div><\/div><\/div><\/div><\/div><\/div><\/div><\/div><\/div><\/section>","protected":false},"excerpt":{"rendered":"M\u00f6nchengladbach'taki ortodontistinizDr. Mehdi Elahi Hemen randevu al\u0131n\u0130leti\u015fimDr. Mehdi Elahi'nin ortodonti uzman muayenehanesine ho\u015f geldiniz Sizi M\u00f6nchengladbach'taki ortodonti uzman muayenehanemiz Dr. Dent'in web sitesine bekliyoruz. Mehdi Elahi. Amac\u0131m\u0131z uzun vadede \u00e7i\u011fneme sisteminin (di\u015fler, \u00e7ene eklemleri, \u00e7i\u011fneme kaslar\u0131...) sa\u011fl\u0131\u011f\u0131n\u0131 korumak ve di\u015flerin esteti\u011fini iyile\u015ftirmektir.","protected":false},"author":2,"featured_media":363,"parent":0,"menu_order":0,"comment_status":"closed","ping_status":"closed","template":"","meta":{"footnotes":""},"yoast_head":"<!-- This site is optimized with the Yoast SEO plugin v22.5 - https:\/\/yoast.com\/wordpress\/plugins\/seo\/ -->\n<title>Kieferorthop\u00e4de M\u00f6nchengladbach \u2022 Dr. Mehdi Elahi<\/title>\n<meta name=\"description\" content=\"Kieferorthop\u00e4de M\u00f6nchengladbach \u2713 Kieferorthop\u00e4die, f\u00fcr moderne und unauff\u00e4llige Verfahren zur Korrektur von Zahn- und Kieferfehlstellungen.\" \/>\n<meta name=\"robots\" content=\"index, follow, max-snippet:-1, max-image-preview:large, max-video-preview:-1\" \/>\n<link rel=\"canonical\" href=\"https:\/\/www.dr-elahi.de\/tr\/\" \/>\n<meta property=\"og:locale\" content=\"tr_TR\" \/>\n<meta property=\"og:type\" content=\"article\" \/>\n<meta property=\"og:title\" content=\"Kieferorthop\u00e4de M\u00f6nchengladbach \u2022 Dr. Mehdi Elahi\" \/>\n<meta property=\"og:description\" content=\"Kieferorthop\u00e4de M\u00f6nchengladbach \u2713 Kieferorthop\u00e4die, f\u00fcr moderne und unauff\u00e4llige Verfahren zur Korrektur von Zahn- und Kieferfehlstellungen.\" \/>\n<meta property=\"og:url\" content=\"https:\/\/www.dr-elahi.de\/tr\/\" \/>\n<meta property=\"og:site_name\" content=\"Kieferorthop\u00e4de Dr. Elahi\" \/>\n<meta property=\"article:modified_time\" content=\"2025-10-31T06:36:06+00:00\" \/>\n<meta property=\"og:image\" content=\"https:\/\/www.dr-elahi.de\/wp-content\/uploads\/2022\/10\/0038_Dr-Elahi-Praxis_05.jpg\" \/>\n\t<meta property=\"og:image:width\" content=\"1350\" \/>\n\t<meta property=\"og:image:height\" content=\"1000\" \/>\n\t<meta property=\"og:image:type\" content=\"image\/jpeg\" \/>\n<meta name=\"twitter:card\" content=\"summary_large_image\" \/>\n<meta name=\"twitter:label1\" content=\"Est. reading time\" \/>\n\t<meta name=\"twitter:data1\" content=\"8 dakika\" \/>\n<script type=\"application\/ld+json\" class=\"yoast-schema-graph\">{\"@context\":\"https:\/\/schema.org\",\"@graph\":[{\"@type\":\"WebPage\",\"@id\":\"https:\/\/www.dr-elahi.de\/\",\"url\":\"https:\/\/www.dr-elahi.de\/\",\"name\":\"Kieferorthop\u00e4de M\u00f6nchengladbach \u2022 Dr. Mehdi Elahi\",\"isPartOf\":{\"@id\":\"https:\/\/www.dr-elahi.de\/#website\"},\"primaryImageOfPage\":{\"@id\":\"https:\/\/www.dr-elahi.de\/#primaryimage\"},\"image\":{\"@id\":\"https:\/\/www.dr-elahi.de\/#primaryimage\"},\"thumbnailUrl\":\"https:\/\/www.dr-elahi.de\/wp-content\/uploads\/2022\/10\/0038_Dr-Elahi-Praxis_05.jpg\",\"datePublished\":\"2022-10-06T09:23:47+00:00\",\"dateModified\":\"2025-10-31T06:36:06+00:00\",\"description\":\"Kieferorthop\u00e4de M\u00f6nchengladbach \u2713 Kieferorthop\u00e4die, f\u00fcr moderne und unauff\u00e4llige Verfahren zur Korrektur von Zahn- und Kieferfehlstellungen.\",\"breadcrumb\":{\"@id\":\"https:\/\/www.dr-elahi.de\/#breadcrumb\"},\"inLanguage\":\"tr\",\"potentialAction\":[{\"@type\":\"ReadAction\",\"target\":[\"https:\/\/www.dr-elahi.de\/\"]}]},{\"@type\":\"ImageObject\",\"inLanguage\":\"tr\",\"@id\":\"https:\/\/www.dr-elahi.de\/#primaryimage\",\"url\":\"https:\/\/www.dr-elahi.de\/wp-content\/uploads\/2022\/10\/0038_Dr-Elahi-Praxis_05.jpg\",\"contentUrl\":\"https:\/\/www.dr-elahi.de\/wp-content\/uploads\/2022\/10\/0038_Dr-Elahi-Praxis_05.jpg\",\"width\":1350,\"height\":1000,\"caption\":\"Kieferorthop\u00e4die M\u00f6nchengladbach\"},{\"@type\":\"BreadcrumbList\",\"@id\":\"https:\/\/www.dr-elahi.de\/#breadcrumb\",\"itemListElement\":[{\"@type\":\"ListItem\",\"position\":1,\"name\":\"Startseite\",\"item\":\"https:\/\/www.dr-elahi.de\/\"},{\"@type\":\"ListItem\",\"position\":2,\"name\":\"Home\"}]},{\"@type\":\"WebSite\",\"@id\":\"https:\/\/www.dr-elahi.de\/#website\",\"url\":\"https:\/\/www.dr-elahi.de\/\",\"name\":\"Kieferorthop\u00e4de Dr. Elahi\",\"description\":\"Kieferorthop\u00e4de M\u00f6nchengladbach\",\"potentialAction\":[{\"@type\":\"SearchAction\",\"target\":{\"@type\":\"EntryPoint\",\"urlTemplate\":\"https:\/\/www.dr-elahi.de\/?s={search_term_string}\"},\"query-input\":\"required name=search_term_string\"}],\"inLanguage\":\"tr\"}]}<\/script>\n<!-- \/ Yoast SEO plugin. -->","yoast_head_json":{"title":"Kieferorthop\u00e4de M\u00f6nchengladbach \u2022 Dr. Mehdi Elahi","description":"Kieferorthop\u00e4de M\u00f6nchengladbach \u2713 Kieferorthop\u00e4die, f\u00fcr moderne und unauff\u00e4llige Verfahren zur Korrektur von Zahn- und Kieferfehlstellungen.","robots":{"index":"index","follow":"follow","max-snippet":"max-snippet:-1","max-image-preview":"max-image-preview:large","max-video-preview":"max-video-preview:-1"},"canonical":"https:\/\/www.dr-elahi.de\/tr\/","og_locale":"tr_TR","og_type":"article","og_title":"Kieferorthop\u00e4de M\u00f6nchengladbach \u2022 Dr. Mehdi Elahi","og_description":"Kieferorthop\u00e4de M\u00f6nchengladbach \u2713 Kieferorthop\u00e4die, f\u00fcr moderne und unauff\u00e4llige Verfahren zur Korrektur von Zahn- und Kieferfehlstellungen.","og_url":"https:\/\/www.dr-elahi.de\/tr\/","og_site_name":"Kieferorthop\u00e4de Dr. Elahi","article_modified_time":"2025-10-31T06:36:06+00:00","og_image":[{"width":1350,"height":1000,"url":"https:\/\/www.dr-elahi.de\/wp-content\/uploads\/2022\/10\/0038_Dr-Elahi-Praxis_05.jpg","type":"image\/jpeg"}],"twitter_card":"summary_large_image","twitter_misc":{"Est. reading time":"8 dakika"},"schema":{"@context":"https:\/\/schema.org","@graph":[{"@type":"WebPage","@id":"https:\/\/www.dr-elahi.de\/","url":"https:\/\/www.dr-elahi.de\/","name":"Kieferorthop\u00e4de M\u00f6nchengladbach \u2022 Dr. Mehdi Elahi","isPartOf":{"@id":"https:\/\/www.dr-elahi.de\/#website"},"primaryImageOfPage":{"@id":"https:\/\/www.dr-elahi.de\/#primaryimage"},"image":{"@id":"https:\/\/www.dr-elahi.de\/#primaryimage"},"thumbnailUrl":"https:\/\/www.dr-elahi.de\/wp-content\/uploads\/2022\/10\/0038_Dr-Elahi-Praxis_05.jpg","datePublished":"2022-10-06T09:23:47+00:00","dateModified":"2025-10-31T06:36:06+00:00","description":"Kieferorthop\u00e4de M\u00f6nchengladbach \u2713 Kieferorthop\u00e4die, f\u00fcr moderne und unauff\u00e4llige Verfahren zur Korrektur von Zahn- und Kieferfehlstellungen.","breadcrumb":{"@id":"https:\/\/www.dr-elahi.de\/#breadcrumb"},"inLanguage":"tr","potentialAction":[{"@type":"ReadAction","target":["https:\/\/www.dr-elahi.de\/"]}]},{"@type":"ImageObject","inLanguage":"tr","@id":"https:\/\/www.dr-elahi.de\/#primaryimage","url":"https:\/\/www.dr-elahi.de\/wp-content\/uploads\/2022\/10\/0038_Dr-Elahi-Praxis_05.jpg","contentUrl":"https:\/\/www.dr-elahi.de\/wp-content\/uploads\/2022\/10\/0038_Dr-Elahi-Praxis_05.jpg","width":1350,"height":1000,"caption":"Kieferorthop\u00e4die M\u00f6nchengladbach"},{"@type":"BreadcrumbList","@id":"https:\/\/www.dr-elahi.de\/#breadcrumb","itemListElement":[{"@type":"ListItem","position":1,"name":"Startseite","item":"https:\/\/www.dr-elahi.de\/"},{"@type":"ListItem","position":2,"name":"Home"}]},{"@type":"WebSite","@id":"https:\/\/www.dr-elahi.de\/#website","url":"https:\/\/www.dr-elahi.de\/","name":"Kieferorthop\u00e4de Dr. Elahi","description":"Kieferorthop\u00e4de M\u00f6nchengladbach","potentialAction":[{"@type":"SearchAction","target":{"@type":"EntryPoint","urlTemplate":"https:\/\/www.dr-elahi.de\/?s={search_term_string}"},"query-input":"required name=search_term_string"}],"inLanguage":"tr"}]}},"_links":{"self":[{"href":"https:\/\/www.dr-elahi.de\/tr\/wp-json\/wp\/v2\/pages\/18"}],"collection":[{"href":"https:\/\/www.dr-elahi.de\/tr\/wp-json\/wp\/v2\/pages"}],"about":[{"href":"https:\/\/www.dr-elahi.de\/tr\/wp-json\/wp\/v2\/types\/page"}],"author":[{"embeddable":true,"href":"https:\/\/www.dr-elahi.de\/tr\/wp-json\/wp\/v2\/users\/2"}],"replies":[{"embeddable":true,"href":"https:\/\/www.dr-elahi.de\/tr\/wp-json\/wp\/v2\/comments?post=18"}],"version-history":[{"count":76,"href":"https:\/\/www.dr-elahi.de\/tr\/wp-json\/wp\/v2\/pages\/18\/revisions"}],"predecessor-version":[{"id":678,"href":"https:\/\/www.dr-elahi.de\/tr\/wp-json\/wp\/v2\/pages\/18\/revisions\/678"}],"wp:featuredmedia":[{"embeddable":true,"href":"https:\/\/www.dr-elahi.de\/tr\/wp-json\/wp\/v2\/media\/363"}],"wp:attachment":[{"href":"https:\/\/www.dr-elahi.de\/tr\/wp-json\/wp\/v2\/media?parent=18"}],"curies":[{"name":"wp","href":"https:\/\/api.w.org\/{rel}","templated":true}]}}