{"id":415,"date":"2023-07-06T08:38:05","date_gmt":"2023-07-06T08:38:05","guid":{"rendered":"https:\/\/www.dr-elahi.de\/?page_id=415"},"modified":"2025-10-31T06:31:51","modified_gmt":"2025-10-31T06:31:51","slug":"ortodonti%cc%87st-moenchengladbach-rheydt","status":"publish","type":"page","link":"https:\/\/www.dr-elahi.de\/tr\/ortodonti%cc%87st-moenchengladbach-rheydt\/","title":{"rendered":"Ortodontist M\u00f6nchengladbach Rheydt"},"content":{"rendered":"<section class=\"l-section wpb_row us_custom_acfd0fdb height_auto\"><div class=\"l-section-h i-cf\"><div class=\"g-cols vc_row via_grid cols_2 laptops-cols_inherit tablets-cols_inherit mobiles-cols_1 valign_top type_default stacking_default\"><div class=\"wpb_column vc_column_container us_custom_819670d1 us_animate_this  hide_on_tablets hide_on_mobiles has_bg_color\"><div class=\"vc_column-inner\"><h1 style=\"font-size: 2.3rem;line-height: 1.2;text-align: left;font-family:Roboto;font-weight:300;font-style:normal\" class=\"vc_custom_heading us_custom_1fb8b2dc us_animate_this\" >Ortodontist M\u00f6nchengladbach Rheydt<\/h1><\/div><\/div><div class=\"wpb_column vc_column_container\"><div class=\"vc_column-inner\"><\/div><\/div><\/div><\/div><\/section><section class=\"l-section wpb_row us_custom_ac037762 height_auto\"><div class=\"l-section-overlay\" style=\"background:var(--color-content-bg-alt)\"><\/div><div class=\"l-section-h i-cf\"><div class=\"g-cols vc_row via_grid cols_1 laptops-cols_inherit tablets-cols_inherit mobiles-cols_1 valign_top type_default stacking_default\"><div class=\"wpb_column vc_column_container\"><div class=\"vc_column-inner\"><div class=\"g-cols wpb_row via_grid cols_1-2 laptops-cols_inherit tablets-cols_inherit mobiles-cols_1 valign_middle type_default stacking_default\"><div class=\"wpb_column vc_column_container us_custom_60e9caca us_animate_this\"><div class=\"vc_column-inner\"><div class=\"wpb_text_column\"><div class=\"wpb_wrapper\"><h2>Dr. Mehdi Elahi<\/h2>\n<h3>M\u00f6nchengladbach Rheydt'teki ortodontistiniz<\/h3>\n<\/div><\/div><div class=\"w-separator size_small\"><\/div><div class=\"wpb_text_column\"><div class=\"wpb_wrapper\"><p>V\u00fccut do\u011fas\u0131 gere\u011fi nadiren m\u00fckemmeldir. Neredeyse her zaman di\u015fler b\u00f6lgesinde bile k\u00fc\u00e7\u00fck hizas\u0131zl\u0131klar vard\u0131r. \u00c7o\u011fu durumda bu b\u00fcy\u00fck bir sorun de\u011fildir ve ya\u015fam kalitesi \u00fczerinde bir etkisi yoktur. Ancak baz\u0131 durumlarda, iyi bir refah duygusunu s\u00fcrd\u00fcrmek i\u00e7in tedavi gereklidir. Ortodontistler, elveri\u015fsiz bir kapan\u0131\u015f\u0131n neden oldu\u011fu hasarlar\u0131 \u00f6nlemek veya g\u00fczel, d\u00fcz bir di\u015f s\u0131ras\u0131 ile m\u00fckemmel bir g\u00fcl\u00fcmsemeyi desteklemek i\u00e7in oradad\u0131r. M\u00f6nchengladbach'ta yakla\u015f\u0131k 271.000 ki\u015fi i\u00e7in \u00e7ok say\u0131da ortodonti muayenehanesi bulunmaktad\u0131r. M\u00f6nchengladbach'ta hangi ortodontist sizin i\u00e7in \"do\u011fru olan\"?<\/p>\n<\/div><\/div><div class=\"w-separator size_small\"><\/div><div class=\"w-btn-wrapper align_none\"><a class=\"w-btn us-btn-style_1 icon_atleft\" target=\"_blank\" href=\"https:\/\/drclip.de\/praxis\/f5a5e67a-5e45-4919-81e4-e50826b437fe\/termin\/reservierung\" rel=\"noopener\"><i class=\"far fa-calendar-check\"><\/i><span class=\"w-btn-label\">\u015eimdi randevu al\u0131n<\/span><\/a><\/div><\/div><\/div><div class=\"wpb_column vc_column_container us_custom_f70d789f us_animate_this\"><div class=\"vc_column-inner\"><div class=\"w-image align_none\"><div class=\"w-image-h\"><img width=\"1350\" height=\"1000\" src=\"https:\/\/www.dr-elahi.de\/wp-content\/uploads\/2022\/10\/0038_Dr-Elahi-Team_02.jpg\" class=\"attachment-full size-full\" alt=\"KFO M\u00f6nchengladbach\" decoding=\"async\" loading=\"lazy\" srcset=\"https:\/\/www.dr-elahi.de\/wp-content\/uploads\/2022\/10\/0038_Dr-Elahi-Team_02.jpg 1350w, https:\/\/www.dr-elahi.de\/wp-content\/uploads\/2022\/10\/0038_Dr-Elahi-Team_02-300x222.jpg 300w, https:\/\/www.dr-elahi.de\/wp-content\/uploads\/2022\/10\/0038_Dr-Elahi-Team_02-1024x759.jpg 1024w\" sizes=\"(max-width: 1350px) 100vw, 1350px\" \/><\/div><\/div><\/div><\/div><\/div><\/div><\/div><\/div><\/div><\/section><section class=\"l-section wpb_row us_custom_ac037762 height_auto\"><div class=\"l-section-h i-cf\"><div class=\"g-cols vc_row via_grid cols_1 laptops-cols_inherit tablets-cols_inherit mobiles-cols_1 valign_top type_default stacking_default\"><div class=\"wpb_column vc_column_container\"><div class=\"vc_column-inner\"><div class=\"g-cols wpb_row via_grid cols_2 laptops-cols_inherit tablets-cols_inherit mobiles-cols_1 valign_top type_default stacking_default\"><div class=\"wpb_column vc_column_container us_custom_60e9caca us_animate_this\"><div class=\"vc_column-inner\"><div class=\"wpb_text_column\"><div class=\"wpb_wrapper\"><h6>Sizin i\u00e7in do\u011fru ortodontist<\/h6>\n<p>Uzun y\u0131llara dayanan deneyim ve son teknoloji tedavilerdeki uzmanl\u0131k, ortodontist se\u00e7iminde en \u00f6nemli kriterlerdir. Do\u011fru ortodontisti bulmak i\u00e7in bir di\u011fer kriter de muayenehanenin konumudur. Rheydt b\u00f6lgesinde ya\u015f\u0131yorsan\u0131z, orada \u00e7al\u0131\u015f\u0131yorsan\u0131z veya s\u0131k s\u0131k bu b\u00f6lgeye gidiyorsan\u0131z, ortodonti klini\u011fimiz sizin i\u00e7in do\u011fru yer olabilir.<\/p>\n<p>Muayenehanemiz \u00e7ocuklarda, ergenlerde ve yeti\u015fkinlerde yanl\u0131\u015f hizalanm\u0131\u015f di\u015flerin ve \u00e7enelerin tedavisinde uzmanla\u015fm\u0131\u015ft\u0131r. Muayenehane sahibi ve ortodontist Dr. Mehdi Elahi en son bilimsel standartlara g\u00f6re \u00e7al\u0131\u015fmakta ve neredeyse g\u00f6r\u00fcnmez di\u015f telleri ve splintlerle tedavi sunmaktad\u0131r.<\/p>\n<h6>Neden bir ortodontiste ihtiyac\u0131m var?<\/h6>\n<p>M\u00f6nchengladbach'taki ortodontistiniz Dr. Mehdi Elahi di\u015flerdeki ve \u00e7enelerdeki yanl\u0131\u015f hizalanmalar\u0131 tespit ve tedavi eder ve bunlar\u0131 \u00f6nlemek i\u00e7in \u00f6nlemler al\u0131r. Bu sadece g\u00fczel, d\u00fcz di\u015flerin esteti\u011fi ile ilgili de\u011fil, ayn\u0131 zamanda t\u0131bbi y\u00f6nlerle de ilgilidir.<\/p>\n<p><strong>Bir ortodontist taraf\u0131ndan yap\u0131lan tedavinin sa\u011fl\u0131k a\u00e7\u0131s\u0131ndan \u00f6nemli faydalar\u0131 vard\u0131r, \u00f6rn:<\/strong><\/p>\n<ul>\n<li>\u00c7i\u011fneme ve \u0131s\u0131rma fonksiyonunun iyile\u015ftirilmesi<\/li>\n<li>Konu\u015fma i\u015flevinin\/telaffuzun optimizasyonu<\/li>\n<li>\u00c7\u00fcr\u00fck ve periodontitis gibi genellikle yanl\u0131\u015f hizalanm\u0131\u015f di\u015fler taraf\u0131ndan tercih edilen di\u015f hastal\u0131klar\u0131n\u0131n \u00f6nlenmesi<\/li>\n<li>Temporomandibular eklem problemlerinin ve yanl\u0131\u015f hizalanmaya ba\u011fl\u0131 ba\u015f a\u011fr\u0131lar\u0131n\u0131n iyile\u015ftirilmesi<\/li>\n<\/ul>\n<p>Meslek birli\u011finin web sitesinde de daha fazla bilgi bulabilirsiniz. <a href=\"https:\/\/www.bdk-online.org\/\" target=\"_blank\" rel=\"noopener\">Alman ortodontistler<\/a>.<\/p>\n<h6>Ortodontist M\u00f6nchengladbach: \u00c7arp\u0131k di\u015flerin tedavisi i\u00e7in tedavi \u015fekilleri<\/h6>\n<p>M\u00f6nchengladbach'taki ortodonti klini\u011fimizde, di\u011fer \u015feylerin yan\u0131 s\u0131ra g\u00f6r\u00fcnmez di\u015f d\u00fczeltme konusunda uzman\u0131z. Yanl\u0131\u015f hizalanm\u0131\u015f di\u015fleri d\u00fczeltmek i\u00e7in \u00fc\u00e7 temel tedavi \u015fekli sunuyoruz:<\/p>\n<p><strong>Di\u015flerin i\u00e7 k\u0131sm\u0131ndaki braketler (<a href=\"https:\/\/www.dr-elahi.de\/tr\/spektrum\/#lingualtechnik\">Lingual teknik<\/a>)<\/strong><\/p>\n<p>Muhtemelen braketli geleneksel di\u015f tellerine a\u015finas\u0131n\u0131zd\u0131r. Biz lingual tekni\u011fi kullan\u0131yoruz ve di\u015f tellerini di\u015flerin i\u00e7 k\u0131sm\u0131na tak\u0131yoruz. Bu sayede di\u015f telleri t\u00fcm tedavi boyunca g\u00f6r\u00fcnmez kal\u0131r.<\/p>\n<p><strong>\u015eeffaf, elastik ateller (<a href=\"https:\/\/www.dr-elahi.de\/tr\/spektrum\/#invisalign-technik\">Invisalign tekni\u011fi<\/a>)<\/strong><\/p>\n<p>Di\u015fleri farkl\u0131 a\u015famalarda d\u00fczeltmek i\u00e7in aligner, yani neredeyse g\u00f6r\u00fcnmez splintler kullan\u0131yoruz. Her tedavi a\u015famas\u0131 i\u00e7in yeni bir aligner splint \u00fcretiyoruz.<\/p>\n<p><strong><a href=\"https:\/\/www.dr-elahi.de\/tr\/spektrum\/#skelettale-verankerung\">\u0130skelet ankraj\u0131<\/a> ve zor di\u015f d\u00fczeltmeleri i\u00e7in \u00e7oklu braket sistemleri<\/strong><\/p>\n<p>\u0130skeletsel ankraj, karma\u015f\u0131k di\u015f d\u00fczeltmeleri i\u00e7in kullan\u0131l\u0131r (genellikle arka b\u00f6lgede). Burada sadece hareket ettirilecek di\u015flere braketler tak\u0131l\u0131r. \u00d6rne\u011fin ortodontik ankraj implantlar\u0131 da kullan\u0131l\u0131r.<\/p>\n<\/div><\/div><\/div><\/div><div class=\"wpb_column vc_column_container us_custom_f70d789f us_animate_this\"><div class=\"vc_column-inner\"><div class=\"wpb_text_column\"><div class=\"wpb_wrapper\"><h6>Ortodontist M\u00f6nchengladbach Rheydt: Yanl\u0131\u015f hizalanm\u0131\u015f \u00e7enelerin tedavisi i\u00e7in tedavi \u015fekilleri<\/h6>\n<p>Sadece di\u015fler a\u011f\u0131zda veya \u00e7enede \u00e7arp\u0131k olmakla kalmaz, ayn\u0131 zamanda \u00e7enenin kendisi de yanl\u0131\u015f hizalanmadan etkilenebilir. Bu durum, \u00fcst ve alt \u00e7enelerin do\u011fan\u0131n ama\u00e7lad\u0131\u011f\u0131 gibi birle\u015fmedi\u011fi durumlarda s\u00f6z konusudur. K\u00fc\u00e7\u00fck sapmalar bile \u00e7enede t\u0131klama sesleri, boyunda, omuzlarda ve s\u0131rtta a\u011fr\u0131, kulak a\u011fr\u0131s\u0131 ve hatta kulak \u00e7\u0131nlamas\u0131 gibi v\u00fccutta rahats\u0131zl\u0131klara neden olabilir.<\/p>\n<p>Farkl\u0131 \u00e7ene hizas\u0131zl\u0131klar\u0131 farkl\u0131 tedavi \u015fekilleri gerektirir:<\/p>\n<p><a href=\"https:\/\/www.dr-elahi.de\/tr\/spektrum\/#funktionskieferorthopaedie\"><strong>Fonksiyonel ortodonti<\/strong><\/a><\/p>\n<p>Ergenlerde \u00e7enede yanl\u0131\u015f hizalanma varsa, bu genellikle \u00e7\u0131kar\u0131labilir bir fonksiyonel ortodontik aparey ile d\u00fczeltilebilir. Bu, \u00e7enenin b\u00fcy\u00fcmesini etkilemek ve \u00fcst ve alt \u00e7enenin birbirlerine g\u00f6re konumunu optimize etmek veya d\u00fczeltmek i\u00e7in v\u00fccudun kendi kas kuvvetlerini kullan\u0131r.<\/p>\n<p><a href=\"https:\/\/www.dr-elahi.de\/tr\/spektrum\/#orthognathische-chirurgie\"><strong>Ortognatik cerrahi<\/strong><\/a><\/p>\n<p>Yeti\u015fkinlerde yanl\u0131\u015f hizalanm\u0131\u015f \u00e7eneler genellikle a\u011f\u0131z cerrahisi ve ortodontik \u00f6nlemlerin bir kombinasyonu ile tedavi edilebilir. \u00dcst ve alt \u00e7eneler cerrahi olarak do\u011fru pozisyona getirilir. Di\u015f s\u0131ralar\u0131 di\u015f telleri ile hizalan\u0131r.<\/p>\n<h6>Bir ortodontiste ilk kez ne zaman g\u00f6r\u00fcnmeliyim?<\/h6>\n<p>Ebeveynler \u00e7ocuklar\u0131n\u0131 ortodontiste g\u00f6t\u00fcrmeden \u00f6nce t\u00fcm daimi di\u015flerin s\u00fcrmesini (yani 12 ya\u015f civar\u0131nda) beklememelidir. M\u00f6nchengladbach'taki ortodontisti ilk kez okula ba\u015flamadan \u00f6nceki y\u0131l \u00e7ocuklarla birlikte ziyaret etmek daha iyidir. \u00c7ocu\u011fun b\u00fcy\u00fcmesi, \u00e7ene kemi\u011finin \u015feklini d\u00fczeltmek i\u00e7in terap\u00f6tik olarak kullan\u0131labilir.<\/p>\n<p>Dokuz ya\u015f\u0131nda ikinci bir randevu ayarlanmal\u0131d\u0131r. Bu \u015fekilde, bir sonraki b\u00fcy\u00fck b\u00fcy\u00fcme ata\u011f\u0131ndan \u00f6nce hala yeterli zaman vard\u0131r. \u00c7ocuklar ve ergenler ergenli\u011fe ula\u015ft\u0131klar\u0131nda i\u015fbirli\u011fi yapmaya motive edilmeleri genellikle zordur. Bu, tedavi s\u00fcresinin genellikle bir ila \u00fc\u00e7 y\u0131l k\u0131salt\u0131labilece\u011fi anlam\u0131na gelir.<\/p>\n<h6>M\u00f6nchengladbach Rheydt'te bir ortodontistten randevu al\u0131n<\/h6>\n<p>M\u00f6nchengladbach'ta bir ortodontist ar\u0131yorsan\u0131z ve Dr. Elahi'den randevu almak istiyorsan\u0131z bizimle ileti\u015fime ge\u00e7ebilirsiniz:<\/p>\n<p>Dr. med. dent. Mehdi Elahi<br \/>\nBrucknerallee 19<br \/>\n41236 M\u00f6nchengladbach<\/p>\n<p>Tel: <a href=\"tel:+49216644010\">02166 44010<\/a><br \/>\nFaks: 02166 846 333<br \/>\nE-Mail:\u00a0<a href=\"mailto:info@dr-elahi.de\">info@dr-elahi.de<\/a><\/p>\n<\/div><\/div><div class=\"w-separator size_small\"><\/div><div class=\"w-socials color_text shape_none\" style=\"--gap:1em;\"><div class=\"w-socials-list\"><div class=\"w-socials-item facebook\"><a class=\"w-socials-item-link\" href=\"https:\/\/www.facebook.com\/profile.php?id=100076066057445\" target=\"_blank\" rel=\"noopener\" title=\"Facebook\" aria-label=\"Facebook\"><span class=\"w-socials-item-link-hover\"><\/span><i class=\"fab fa-facebook\"><\/i><\/a><\/div><div class=\"w-socials-item instagram\"><a class=\"w-socials-item-link\" href=\"https:\/\/www.instagram.com\/praxis.dr.elahi\/\" target=\"_blank\" rel=\"noopener\" title=\"Instagram\" aria-label=\"Instagram\"><span class=\"w-socials-item-link-hover\"><\/span><i class=\"fab fa-instagram\"><\/i><\/a><\/div><div class=\"w-socials-item youtube\"><a class=\"w-socials-item-link\" href=\"https:\/\/www.youtube.com\/watch?v=_CLlORNHzo8\" target=\"_blank\" rel=\"noopener\" title=\"YouTube\" aria-label=\"YouTube\"><span class=\"w-socials-item-link-hover\"><\/span><i class=\"fab fa-youtube\"><\/i><\/a><\/div><div class=\"w-socials-item custom\"><a class=\"w-socials-item-link\" href=\"https:\/\/www.jameda.de\/moenchengladbach\/zahnaerzte\/kieferorthopaeden\/dr-mehdi-elahi\/uebersicht\/80390348_1\/\" target=\"_blank\" rel=\"noopener\" title=\"Ba\u015fl\u0131k\" aria-label=\"Ba\u015fl\u0131k\"><span class=\"w-socials-item-link-hover\" style=\"background:var(--color-content-faded);\"><\/span><i class=\"fas fa-star-half-alt\"><\/i><\/a><\/div><\/div><\/div><div class=\"w-separator size_small\"><\/div><div class=\"w-btn-wrapper align_none\"><a class=\"w-btn us-btn-style_1 us_custom_8f2ba1f4 us_animate_this icon_atleft\" target=\"_blank\" href=\"https:\/\/drclip.de\/praxis\/f5a5e67a-5e45-4919-81e4-e50826b437fe\/termin\/reservierung\" rel=\"noopener\"><i class=\"far fa-calendar-check\"><\/i><span class=\"w-btn-label\">\u015eimdi randevu al\u0131n<\/span><\/a><\/div><\/div><\/div><\/div><\/div><\/div><\/div><\/div><\/section>","protected":false},"excerpt":{"rendered":"Ortodontist M\u00f6nchengladbach Rheydt Dr. Mehdi Elahi M\u00f6nchengladbach Rheydt'teki ortodontistiniz V\u00fccut do\u011fas\u0131 gere\u011fi nadiren m\u00fckemmeldir. Neredeyse her zaman di\u015fler b\u00f6lgesinde bile k\u00fc\u00e7\u00fck hizas\u0131zl\u0131klar vard\u0131r. \u00c7o\u011fu durumda bu b\u00fcy\u00fck bir sorun de\u011fildir ve ya\u015fam kalitesini etkilemez. Ancak baz\u0131 durumlarda, iyi bir ya\u015fam hissi sa\u011flamak i\u00e7in...","protected":false},"author":2,"featured_media":234,"parent":0,"menu_order":0,"comment_status":"closed","ping_status":"closed","template":"","meta":{"footnotes":""},"yoast_head":"<!-- This site is optimized with the Yoast SEO plugin v22.5 - https:\/\/yoast.com\/wordpress\/plugins\/seo\/ -->\n<title>Kieferorthop\u00e4de M\u00f6nchengladbach Rheydt \u2022 Dr. Elahi<\/title>\n<meta name=\"description\" content=\"Kieferorthop\u00e4de M\u00f6nchengladbach Rheydt \u2713 Seit vielen Jahren niedergelassen in M\u00f6nchengladbach: Ihr erfahrener Kieferorthop\u00e4de Dr. Elahi.\" \/>\n<meta name=\"robots\" content=\"index, follow, max-snippet:-1, max-image-preview:large, max-video-preview:-1\" \/>\n<link rel=\"canonical\" href=\"https:\/\/www.dr-elahi.de\/tr\/ortodonti\u0307st-moenchengladbach-rheydt\/\" \/>\n<meta property=\"og:locale\" content=\"tr_TR\" \/>\n<meta property=\"og:type\" content=\"article\" \/>\n<meta property=\"og:title\" content=\"Kieferorthop\u00e4de M\u00f6nchengladbach Rheydt \u2022 Dr. Elahi\" \/>\n<meta property=\"og:description\" content=\"Kieferorthop\u00e4de M\u00f6nchengladbach Rheydt \u2713 Seit vielen Jahren niedergelassen in M\u00f6nchengladbach: Ihr erfahrener Kieferorthop\u00e4de Dr. Elahi.\" \/>\n<meta property=\"og:url\" content=\"https:\/\/www.dr-elahi.de\/tr\/ortodonti\u0307st-moenchengladbach-rheydt\/\" \/>\n<meta property=\"og:site_name\" content=\"Kieferorthop\u00e4de Dr. Elahi\" \/>\n<meta property=\"article:modified_time\" content=\"2025-10-31T06:31:51+00:00\" \/>\n<meta property=\"og:image\" content=\"https:\/\/www.dr-elahi.de\/wp-content\/uploads\/2022\/10\/0038_Dr-Elahi-Team_02.jpg\" \/>\n\t<meta property=\"og:image:width\" content=\"1350\" \/>\n\t<meta property=\"og:image:height\" content=\"1000\" \/>\n\t<meta property=\"og:image:type\" content=\"image\/jpeg\" \/>\n<meta name=\"twitter:card\" content=\"summary_large_image\" \/>\n<meta name=\"twitter:label1\" content=\"Est. reading time\" \/>\n\t<meta name=\"twitter:data1\" content=\"6 dakika\" \/>\n<script type=\"application\/ld+json\" class=\"yoast-schema-graph\">{\"@context\":\"https:\/\/schema.org\",\"@graph\":[{\"@type\":\"WebPage\",\"@id\":\"https:\/\/www.dr-elahi.de\/kieferorthopaede-moenchengladbach-rheydt\/\",\"url\":\"https:\/\/www.dr-elahi.de\/kieferorthopaede-moenchengladbach-rheydt\/\",\"name\":\"Kieferorthop\u00e4de M\u00f6nchengladbach Rheydt \u2022 Dr. Elahi\",\"isPartOf\":{\"@id\":\"https:\/\/www.dr-elahi.de\/#website\"},\"primaryImageOfPage\":{\"@id\":\"https:\/\/www.dr-elahi.de\/kieferorthopaede-moenchengladbach-rheydt\/#primaryimage\"},\"image\":{\"@id\":\"https:\/\/www.dr-elahi.de\/kieferorthopaede-moenchengladbach-rheydt\/#primaryimage\"},\"thumbnailUrl\":\"https:\/\/www.dr-elahi.de\/wp-content\/uploads\/2022\/10\/0038_Dr-Elahi-Team_02.jpg\",\"datePublished\":\"2023-07-06T08:38:05+00:00\",\"dateModified\":\"2025-10-31T06:31:51+00:00\",\"description\":\"Kieferorthop\u00e4de M\u00f6nchengladbach Rheydt \u2713 Seit vielen Jahren niedergelassen in M\u00f6nchengladbach: Ihr erfahrener Kieferorthop\u00e4de Dr. Elahi.\",\"breadcrumb\":{\"@id\":\"https:\/\/www.dr-elahi.de\/kieferorthopaede-moenchengladbach-rheydt\/#breadcrumb\"},\"inLanguage\":\"tr\",\"potentialAction\":[{\"@type\":\"ReadAction\",\"target\":[\"https:\/\/www.dr-elahi.de\/kieferorthopaede-moenchengladbach-rheydt\/\"]}]},{\"@type\":\"ImageObject\",\"inLanguage\":\"tr\",\"@id\":\"https:\/\/www.dr-elahi.de\/kieferorthopaede-moenchengladbach-rheydt\/#primaryimage\",\"url\":\"https:\/\/www.dr-elahi.de\/wp-content\/uploads\/2022\/10\/0038_Dr-Elahi-Team_02.jpg\",\"contentUrl\":\"https:\/\/www.dr-elahi.de\/wp-content\/uploads\/2022\/10\/0038_Dr-Elahi-Team_02.jpg\",\"width\":1350,\"height\":1000,\"caption\":\"KFO M\u00f6nchengladbach\"},{\"@type\":\"BreadcrumbList\",\"@id\":\"https:\/\/www.dr-elahi.de\/kieferorthopaede-moenchengladbach-rheydt\/#breadcrumb\",\"itemListElement\":[{\"@type\":\"ListItem\",\"position\":1,\"name\":\"Startseite\",\"item\":\"https:\/\/www.dr-elahi.de\/\"},{\"@type\":\"ListItem\",\"position\":2,\"name\":\"Kieferorthop\u00e4de M\u00f6nchengladbach Rheydt\"}]},{\"@type\":\"WebSite\",\"@id\":\"https:\/\/www.dr-elahi.de\/#website\",\"url\":\"https:\/\/www.dr-elahi.de\/\",\"name\":\"Kieferorthop\u00e4de Dr. Elahi\",\"description\":\"Kieferorthop\u00e4de M\u00f6nchengladbach\",\"potentialAction\":[{\"@type\":\"SearchAction\",\"target\":{\"@type\":\"EntryPoint\",\"urlTemplate\":\"https:\/\/www.dr-elahi.de\/?s={search_term_string}\"},\"query-input\":\"required name=search_term_string\"}],\"inLanguage\":\"tr\"}]}<\/script>\n<!-- \/ Yoast SEO plugin. -->","yoast_head_json":{"title":"Kieferorthop\u00e4de M\u00f6nchengladbach Rheydt \u2022 Dr. Elahi","description":"Kieferorthop\u00e4de M\u00f6nchengladbach Rheydt \u2713 Seit vielen Jahren niedergelassen in M\u00f6nchengladbach: Ihr erfahrener Kieferorthop\u00e4de Dr. Elahi.","robots":{"index":"index","follow":"follow","max-snippet":"max-snippet:-1","max-image-preview":"max-image-preview:large","max-video-preview":"max-video-preview:-1"},"canonical":"https:\/\/www.dr-elahi.de\/tr\/ortodonti\u0307st-moenchengladbach-rheydt\/","og_locale":"tr_TR","og_type":"article","og_title":"Kieferorthop\u00e4de M\u00f6nchengladbach Rheydt \u2022 Dr. Elahi","og_description":"Kieferorthop\u00e4de M\u00f6nchengladbach Rheydt \u2713 Seit vielen Jahren niedergelassen in M\u00f6nchengladbach: Ihr erfahrener Kieferorthop\u00e4de Dr. Elahi.","og_url":"https:\/\/www.dr-elahi.de\/tr\/ortodonti\u0307st-moenchengladbach-rheydt\/","og_site_name":"Kieferorthop\u00e4de Dr. Elahi","article_modified_time":"2025-10-31T06:31:51+00:00","og_image":[{"width":1350,"height":1000,"url":"https:\/\/www.dr-elahi.de\/wp-content\/uploads\/2022\/10\/0038_Dr-Elahi-Team_02.jpg","type":"image\/jpeg"}],"twitter_card":"summary_large_image","twitter_misc":{"Est. reading time":"6 dakika"},"schema":{"@context":"https:\/\/schema.org","@graph":[{"@type":"WebPage","@id":"https:\/\/www.dr-elahi.de\/kieferorthopaede-moenchengladbach-rheydt\/","url":"https:\/\/www.dr-elahi.de\/kieferorthopaede-moenchengladbach-rheydt\/","name":"Kieferorthop\u00e4de M\u00f6nchengladbach Rheydt \u2022 Dr. Elahi","isPartOf":{"@id":"https:\/\/www.dr-elahi.de\/#website"},"primaryImageOfPage":{"@id":"https:\/\/www.dr-elahi.de\/kieferorthopaede-moenchengladbach-rheydt\/#primaryimage"},"image":{"@id":"https:\/\/www.dr-elahi.de\/kieferorthopaede-moenchengladbach-rheydt\/#primaryimage"},"thumbnailUrl":"https:\/\/www.dr-elahi.de\/wp-content\/uploads\/2022\/10\/0038_Dr-Elahi-Team_02.jpg","datePublished":"2023-07-06T08:38:05+00:00","dateModified":"2025-10-31T06:31:51+00:00","description":"Kieferorthop\u00e4de M\u00f6nchengladbach Rheydt \u2713 Seit vielen Jahren niedergelassen in M\u00f6nchengladbach: Ihr erfahrener Kieferorthop\u00e4de Dr. Elahi.","breadcrumb":{"@id":"https:\/\/www.dr-elahi.de\/kieferorthopaede-moenchengladbach-rheydt\/#breadcrumb"},"inLanguage":"tr","potentialAction":[{"@type":"ReadAction","target":["https:\/\/www.dr-elahi.de\/kieferorthopaede-moenchengladbach-rheydt\/"]}]},{"@type":"ImageObject","inLanguage":"tr","@id":"https:\/\/www.dr-elahi.de\/kieferorthopaede-moenchengladbach-rheydt\/#primaryimage","url":"https:\/\/www.dr-elahi.de\/wp-content\/uploads\/2022\/10\/0038_Dr-Elahi-Team_02.jpg","contentUrl":"https:\/\/www.dr-elahi.de\/wp-content\/uploads\/2022\/10\/0038_Dr-Elahi-Team_02.jpg","width":1350,"height":1000,"caption":"KFO M\u00f6nchengladbach"},{"@type":"BreadcrumbList","@id":"https:\/\/www.dr-elahi.de\/kieferorthopaede-moenchengladbach-rheydt\/#breadcrumb","itemListElement":[{"@type":"ListItem","position":1,"name":"Startseite","item":"https:\/\/www.dr-elahi.de\/"},{"@type":"ListItem","position":2,"name":"Kieferorthop\u00e4de M\u00f6nchengladbach Rheydt"}]},{"@type":"WebSite","@id":"https:\/\/www.dr-elahi.de\/#website","url":"https:\/\/www.dr-elahi.de\/","name":"Kieferorthop\u00e4de Dr. Elahi","description":"Kieferorthop\u00e4de M\u00f6nchengladbach","potentialAction":[{"@type":"SearchAction","target":{"@type":"EntryPoint","urlTemplate":"https:\/\/www.dr-elahi.de\/?s={search_term_string}"},"query-input":"required name=search_term_string"}],"inLanguage":"tr"}]}},"_links":{"self":[{"href":"https:\/\/www.dr-elahi.de\/tr\/wp-json\/wp\/v2\/pages\/415"}],"collection":[{"href":"https:\/\/www.dr-elahi.de\/tr\/wp-json\/wp\/v2\/pages"}],"about":[{"href":"https:\/\/www.dr-elahi.de\/tr\/wp-json\/wp\/v2\/types\/page"}],"author":[{"embeddable":true,"href":"https:\/\/www.dr-elahi.de\/tr\/wp-json\/wp\/v2\/users\/2"}],"replies":[{"embeddable":true,"href":"https:\/\/www.dr-elahi.de\/tr\/wp-json\/wp\/v2\/comments?post=415"}],"version-history":[{"count":10,"href":"https:\/\/www.dr-elahi.de\/tr\/wp-json\/wp\/v2\/pages\/415\/revisions"}],"predecessor-version":[{"id":669,"href":"https:\/\/www.dr-elahi.de\/tr\/wp-json\/wp\/v2\/pages\/415\/revisions\/669"}],"wp:featuredmedia":[{"embeddable":true,"href":"https:\/\/www.dr-elahi.de\/tr\/wp-json\/wp\/v2\/media\/234"}],"wp:attachment":[{"href":"https:\/\/www.dr-elahi.de\/tr\/wp-json\/wp\/v2\/media?parent=415"}],"curies":[{"name":"wp","href":"https:\/\/api.w.org\/{rel}","templated":true}]}}